{"id":8088,"date":"2024-03-15T13:09:43","date_gmt":"2024-03-15T12:09:43","guid":{"rendered":"https:\/\/www.lamarcadeodin.com\/?post_type=cartas-del-autor&#038;p=8088"},"modified":"2024-03-18T12:48:37","modified_gmt":"2024-03-18T11:48:37","slug":"letter-from-the-author-89-reborn-and-reinvented","status":"publish","type":"cartas-del-autor","link":"https:\/\/www.lamarcadeodin.com\/en\/cartas-del-autor\/letter-from-the-author-89-reborn-and-reinvented\/","title":{"rendered":"Letter from the Author #89: Reborn and Reinvented"},"content":{"rendered":"<h3>Dear #XaviVerso fans:<\/h3>\n<p>I&#8217;m returning to my tradition of delivering <strong>#LettersfromtheAuthor<\/strong> with the first one since the launch of the <strong>XaviVerso<\/strong> and also to inaugurate, finally, the new website of <strong>Mark of Odin<\/strong>. It has been a complicated birth, at times hellish, which has taken much more time, energy and resources than initially expected. Fans of the saga know that the path of the protagonists is not easy at all, it is full of challenges and obstacles, but, in the end, with tenacity and courage, one can achieve the proposed goals. We have finally managed to cross the barrier to fully start our new stage.<\/p>\n<p><iframe title=\"Carta del Autor #89: Renacer y reinventarse\" src=\"https:\/\/www.youtube.com\/embed\/JxCmwmfbBOU\" width=\"1271\" height=\"715\" frameborder=\"0\" allowfullscreen=\"allowfullscreen\"><\/iframe><\/p>\n<h2>New Mark of Odin website<\/h2>\n<p>If I wanted to explain everything that has happened behind the scenes in the process of changing this website and the <strong>XaviVerso <\/strong>one, I wouldn&#8217;t finish. It has been an epic story, full of action, drama, even horror, mystery, with a thousand and one X-files, but, in the end, with a successful outcome, barring a last-minute plot twist, of course (I&#8217;m not going to stop praying the Great Father Odin not to have any more scares).<\/p>\n<p><img fetchpriority=\"high\" decoding=\"async\" class=\"alignnone size-full wp-image-7980\" src=\"https:\/\/www.lamarcadeodin.com\/wp-content\/uploads\/50-Teaser-cabecera-LMDO-2024.jpg\" alt=\"\" width=\"1428\" height=\"1039\" srcset=\"https:\/\/www.lamarcadeodin.com\/wp-content\/uploads\/50-Teaser-cabecera-LMDO-2024.jpg 1428w, https:\/\/www.lamarcadeodin.com\/wp-content\/uploads\/50-Teaser-cabecera-LMDO-2024-768x559.jpg 768w, https:\/\/www.lamarcadeodin.com\/wp-content\/uploads\/50-Teaser-cabecera-LMDO-2024-50x36.jpg 50w, https:\/\/www.lamarcadeodin.com\/wp-content\/uploads\/50-Teaser-cabecera-LMDO-2024-100x73.jpg 100w\" sizes=\"100vw\" \/><\/p>\n<p>What matters is that <strong>#MarkedbyOdin<\/strong> can now access the new website and enjoy its new design and features. From there, we will keep all its extended content, digital editions and bonus chapters centralized. While in the <strong>XaviVerso<\/strong> we will communicate with you with everything related to all our books, in <strong>Mark of Odin<\/strong> you will receive exclusively everything related to the saga, such as notifications when there are new bonus chapters, extended stories or a new book.<\/p>\n<h2>The Dark Hybrid<\/h2>\n<p>All the delays caused by the new websites have had some big victims: all my projects. In other words, I&#8217;ve had to put everything I wanted to do on hold in the last few months to focus exclusively on the websites. That&#8217;s why, while I was hoping to launch the <strong>Mark of Odin<\/strong> website with the first bonus chapter of <strong>Ragnarok: The Dark Hybrid<\/strong>, you&#8217;re going to have to wait a little longer.<\/p>\n<p><img decoding=\"async\" class=\"size-full wp-image-3378 aligncenter\" src=\"https:\/\/www.lamarcadeodin.com\/wp-content\/uploads\/LMDO-Ragnarok-DLC1-El-hibrido-oscuro-banner-rectangular.jpg\" alt=\"La marca de Od\u00edn: Ragnarok - El h\u00edbrido oscuro\" width=\"1200\" height=\"675\" srcset=\"https:\/\/www.lamarcadeodin.com\/wp-content\/uploads\/LMDO-Ragnarok-DLC1-El-hibrido-oscuro-banner-rectangular.jpg 1200w, https:\/\/www.lamarcadeodin.com\/wp-content\/uploads\/LMDO-Ragnarok-DLC1-El-hibrido-oscuro-banner-rectangular-768x432.jpg 768w, https:\/\/www.lamarcadeodin.com\/wp-content\/uploads\/LMDO-Ragnarok-DLC1-El-hibrido-oscuro-banner-rectangular-50x28.jpg 50w, https:\/\/www.lamarcadeodin.com\/wp-content\/uploads\/LMDO-Ragnarok-DLC1-El-hibrido-oscuro-banner-rectangular-100x56.jpg 100w, https:\/\/www.lamarcadeodin.com\/wp-content\/uploads\/LMDO-Ragnarok-DLC1-El-hibrido-oscuro-banner-rectangular-600x338.jpg 600w\" sizes=\"100vw\" \/><\/p>\n<p>My idea is to prioritize it once I&#8217;ve finished solving the remaining minor <strong>Mark of Odin<\/strong> portal remaining issues and share it with you. This chapter is very special to me for many reasons, but one of the most relevant is that it will have a cover by the great <strong>Manu Nieto<\/strong>, which I hope will surprise you.<\/p>\n<h2>New editions<\/h2>\n<p>Other projects that have been affected by the delays have been the new editions of <strong>Road to Valhalla<\/strong> and <strong>Ragnarok <\/strong>in Spanish. It is my intention that I will be able to work with them again as soon as you have <strong>The Dark Hybrid<\/strong>, so that I can apply all the improvements that I introduced in the sixth edition of <strong>The Awakening<\/strong>.<\/p>\n<h2>The XaviVerso books in English<\/h2>\n<p>As we announced weeks ago, in 2024 our main focus will be to translate and publish all my books in English, as well as to launch a new edition of the English version of <strong>The Awakening<\/strong>.<\/p>\n<p><img decoding=\"async\" class=\"wp-image-8084 aligncenter\" src=\"https:\/\/www.lamarcadeodin.com\/wp-content\/uploads\/2024\/03\/28-The-Stone-Lotus-Teaser-02.jpg\" alt=\"T\u00e9aser de The Stone Lotus\" width=\"801\" height=\"801\" srcset=\"https:\/\/www.lamarcadeodin.com\/wp-content\/uploads\/2024\/03\/28-The-Stone-Lotus-Teaser-02.jpg 1920w, https:\/\/www.lamarcadeodin.com\/wp-content\/uploads\/2024\/03\/28-The-Stone-Lotus-Teaser-02-150x150.jpg 150w, https:\/\/www.lamarcadeodin.com\/wp-content\/uploads\/2024\/03\/28-The-Stone-Lotus-Teaser-02-768x768.jpg 768w, https:\/\/www.lamarcadeodin.com\/wp-content\/uploads\/2024\/03\/28-The-Stone-Lotus-Teaser-02-1536x1536.jpg 1536w, https:\/\/www.lamarcadeodin.com\/wp-content\/uploads\/2024\/03\/28-The-Stone-Lotus-Teaser-02-300x300.jpg 300w, https:\/\/www.lamarcadeodin.com\/wp-content\/uploads\/2024\/03\/28-The-Stone-Lotus-Teaser-02-50x50.jpg 50w, https:\/\/www.lamarcadeodin.com\/wp-content\/uploads\/2024\/03\/28-The-Stone-Lotus-Teaser-02-100x100.jpg 100w\" sizes=\"100vw\" \/><\/p>\n<p><strong>The Stone Lotus<\/strong> will be the first to be published as it has already been translated. It&#8217;s currently in the proofreading and editing phase, so hopefully sometime this spring we&#8217;ll be able to launch it. This will be followed by the English edition of <strong>Yes, They Will Pass!<\/strong> and then those of the <strong>Mark<\/strong> <strong>of Odin <\/strong>books. If we manage to successfully complete these projects, the next goal will be to translate into new languages.<\/p>\n<h2>Tour in Asia 2024<\/h2>\n<p>I want to share with you that I am absent from Spain again, for at least four months. I&#8217;m going back to Asia, where I hope, if I succeed, to force myself to rest for a few weeks and then work from there for several months. This will be the third year in a row that I am living there and I hope to be able to continue developing contacts and business avenues for myself in the region.<\/p>\n<p>The current situation in Spain and Europe, as opposed to the one that Southeast Asia is experiencing, has encouraged me to continue looking at options to be able to grow. In Spain, as much as it hurts me, it is increasingly difficult to see a future in which it is feasible to make progress. As a result of my absence, we will not be offering personalized signatures on printed collector&#8217;s editions at this time.<\/p>\n<h2>The XaviVerso store<\/h2>\n<p>In 2024 we will work to increase our presence and sales in the main marketplaces, such as <strong>Amazon<\/strong>, <strong>Google Play<\/strong>, <strong>Apple Books<\/strong> and <strong>Kobo<\/strong>. Even so, we will continue to offer incentives and advantages to all those readers who buy directly from <strong>XaviVerso store<\/strong>. Only there will you be able to buy the paper collector&#8217;s editions of <strong>Mark of Odin<\/strong> and the last copies of <strong>Yes, They Will Pass!<\/strong> (there are very few left, so if you want to don&#8217;t wait for them to sell out).<\/p>\n<p><img loading=\"lazy\" decoding=\"async\" class=\"size-full wp-image-8080 aligncenter\" src=\"https:\/\/www.lamarcadeodin.com\/wp-content\/uploads\/2024\/03\/21-Venta-Ed-Digital.jpg\" alt=\"Tienda del Xaviverso\" width=\"1130\" height=\"953\" srcset=\"https:\/\/www.lamarcadeodin.com\/wp-content\/uploads\/2024\/03\/21-Venta-Ed-Digital.jpg 1130w, https:\/\/www.lamarcadeodin.com\/wp-content\/uploads\/2024\/03\/21-Venta-Ed-Digital-768x648.jpg 768w, https:\/\/www.lamarcadeodin.com\/wp-content\/uploads\/2024\/03\/21-Venta-Ed-Digital-50x42.jpg 50w, https:\/\/www.lamarcadeodin.com\/wp-content\/uploads\/2024\/03\/21-Venta-Ed-Digital-100x84.jpg 100w\" sizes=\"100vw\" \/><\/p>\n<p>On the other hand, we are going to work to boost the sale of digital collectors&#8217; editions, which include ebooks, audiobooks and extended content. We want readers from all over the world, not just from Spain, to be able to enjoy my literary universe with all the bonus.<\/p>\n<h2>Thank you all very much<\/h2>\n<p>I know that these have been difficult months, that the delays have hurt us a lot, but it has been a necessary sacrifice to be able to move forward and improve. I would like to thank all the readers who, in spite of everything, have trusted us and supported us. Those of you who have dared to let yourselves be surprised by <strong>Yes, They Will Pass<\/strong>! To those of you who have entered the <strong>XaviVerso<\/strong> and used its functionalities, earning achievements. To those of you who don&#8217;t stop recommending us and help us make ourselves known.<\/p>\n<p><img loading=\"lazy\" decoding=\"async\" class=\"size-full wp-image-8090 aligncenter\" src=\"https:\/\/www.lamarcadeodin.com\/wp-content\/uploads\/2024\/03\/Ventas-XaviVerso-04-158K-EN.jpg\" alt=\"Xaviverso Books hits more than 168,000 readers\" width=\"1000\" height=\"1000\" srcset=\"https:\/\/www.lamarcadeodin.com\/wp-content\/uploads\/2024\/03\/Ventas-XaviVerso-04-158K-EN.jpg 1000w, https:\/\/www.lamarcadeodin.com\/wp-content\/uploads\/2024\/03\/Ventas-XaviVerso-04-158K-EN-150x150.jpg 150w, https:\/\/www.lamarcadeodin.com\/wp-content\/uploads\/2024\/03\/Ventas-XaviVerso-04-158K-EN-768x768.jpg 768w, https:\/\/www.lamarcadeodin.com\/wp-content\/uploads\/2024\/03\/Ventas-XaviVerso-04-158K-EN-300x300.jpg 300w, https:\/\/www.lamarcadeodin.com\/wp-content\/uploads\/2024\/03\/Ventas-XaviVerso-04-158K-EN-50x50.jpg 50w, https:\/\/www.lamarcadeodin.com\/wp-content\/uploads\/2024\/03\/Ventas-XaviVerso-04-158K-EN-100x100.jpg 100w\" sizes=\"100vw\" \/><\/p>\n<p>With <strong>more than 158,000 readers<\/strong> already, we continue to grow, but every individual support from you is essential. We are an independent project and we have to work much harder to have the acceptance that others have with traditional publishers.<\/p>\n<p>Finally, as always, I encourage you to join our <strong>Discord<\/strong> community, the <strong>Telegram<\/strong> channel and also to add us to your <strong>WhatsApp <\/strong>contact list (Say hello on <strong>+34 671 48 96 90<\/strong>) and to continue sharing your reviews of the books. Not only in the <strong>Reviews<\/strong> section, but also on external platforms such as <strong>Amazon<\/strong>, <strong>Google Play<\/strong>, <strong>Apple<\/strong>, <strong>Kobo<\/strong>, <strong>Lektu<\/strong> or <strong>Goodreads<\/strong>. Having a good rating and opinions there helps us a lot to attract new readers.<\/p>\n<p style=\"text-align: right;\">Remember, <em>everything is connected<\/em>.<\/p>\n<p style=\"text-align: right;\"><strong>Xavier Marc\u00e9<\/strong><\/p>\n","protected":false},"featured_media":8092,"template":"","meta":{"_acf_changed":false,"_bbp_topic_count":0,"_bbp_reply_count":0,"_bbp_total_topic_count":0,"_bbp_total_reply_count":0,"_bbp_voice_count":0,"_bbp_anonymous_reply_count":0,"_bbp_topic_count_hidden":0,"_bbp_reply_count_hidden":0,"_bbp_forum_subforum_count":0,"ngg_post_thumbnail":0,"_glsr_average":0,"_glsr_ranking":0,"_glsr_reviews":0},"categoria-de-noticia":[],"class_list":["post-8088","cartas-del-autor","type-cartas-del-autor","status-publish","has-post-thumbnail","hentry"],"acf":[],"yoast_head":"<!-- This site is optimized with the Yoast SEO plugin v26.9 - https:\/\/yoast.com\/product\/yoast-seo-wordpress\/ -->\n<title>Letter from the Author #89: Reborn and Reinvented - Mark of Odin<\/title>\n<meta name=\"description\" content=\"Letter from the Author #89: Reborn and reinvented in which the writer Xavier Marc\u00e9 reveals the latest news from the XaviVerso books.\" \/>\n<meta name=\"robots\" content=\"index, follow, max-snippet:-1, max-image-preview:large, max-video-preview:-1\" \/>\n<link rel=\"canonical\" href=\"https:\/\/www.lamarcadeodin.com\/en\/cartas-del-autor\/letter-from-the-author-89-reborn-and-reinvented\/\" \/>\n<meta property=\"og:locale\" content=\"en_US\" \/>\n<meta property=\"og:type\" content=\"article\" \/>\n<meta property=\"og:title\" content=\"Letter from the Author #89: Reborn and Reinvented - Mark of Odin\" \/>\n<meta property=\"og:description\" content=\"Letter from the Author #89: Reborn and reinvented in which the writer Xavier Marc\u00e9 reveals the latest news from the XaviVerso books.\" \/>\n<meta property=\"og:url\" content=\"https:\/\/www.lamarcadeodin.com\/en\/cartas-del-autor\/letter-from-the-author-89-reborn-and-reinvented\/\" \/>\n<meta property=\"og:site_name\" content=\"La Marca de Od\u00edn\" \/>\n<meta property=\"article:publisher\" content=\"https:\/\/www.facebook.com\/xaviverso\/\" \/>\n<meta property=\"article:modified_time\" content=\"2024-03-18T11:48:37+00:00\" \/>\n<meta property=\"og:image\" content=\"https:\/\/www.lamarcadeodin.com\/wp-content\/uploads\/2024\/03\/Carta-del-Autor-89-EN.jpg\" \/>\n\t<meta property=\"og:image:width\" content=\"1200\" \/>\n\t<meta property=\"og:image:height\" content=\"600\" \/>\n\t<meta property=\"og:image:type\" content=\"image\/jpeg\" \/>\n<meta name=\"twitter:card\" content=\"summary_large_image\" \/>\n<meta name=\"twitter:site\" content=\"@ElXaviVerso\" \/>\n<meta name=\"twitter:label1\" content=\"Est. reading time\" \/>\n\t<meta name=\"twitter:data1\" content=\"7 minutes\" \/>\n<script type=\"application\/ld+json\" class=\"yoast-schema-graph\">{\"@context\":\"https:\/\/schema.org\",\"@graph\":[{\"@type\":\"WebPage\",\"@id\":\"https:\/\/www.lamarcadeodin.com\/en\/cartas-del-autor\/letter-from-the-author-89-reborn-and-reinvented\/\",\"url\":\"https:\/\/www.lamarcadeodin.com\/en\/cartas-del-autor\/letter-from-the-author-89-reborn-and-reinvented\/\",\"name\":\"Letter from the Author #89: Reborn and Reinvented - Mark of Odin\",\"isPartOf\":{\"@id\":\"https:\/\/www.lamarcadeodin.com\/#website\"},\"primaryImageOfPage\":{\"@id\":\"https:\/\/www.lamarcadeodin.com\/en\/cartas-del-autor\/letter-from-the-author-89-reborn-and-reinvented\/#primaryimage\"},\"image\":{\"@id\":\"https:\/\/www.lamarcadeodin.com\/en\/cartas-del-autor\/letter-from-the-author-89-reborn-and-reinvented\/#primaryimage\"},\"thumbnailUrl\":\"https:\/\/www.lamarcadeodin.com\/wp-content\/uploads\/2024\/03\/Carta-del-Autor-89-EN.jpg\",\"datePublished\":\"2024-03-15T12:09:43+00:00\",\"dateModified\":\"2024-03-18T11:48:37+00:00\",\"description\":\"Letter from the Author #89: Reborn and reinvented in which the writer Xavier Marc\u00e9 reveals the latest news from the XaviVerso books.\",\"breadcrumb\":{\"@id\":\"https:\/\/www.lamarcadeodin.com\/en\/cartas-del-autor\/letter-from-the-author-89-reborn-and-reinvented\/#breadcrumb\"},\"inLanguage\":\"en-US\",\"potentialAction\":[{\"@type\":\"ReadAction\",\"target\":[\"https:\/\/www.lamarcadeodin.com\/en\/cartas-del-autor\/letter-from-the-author-89-reborn-and-reinvented\/\"]}]},{\"@type\":\"ImageObject\",\"inLanguage\":\"en-US\",\"@id\":\"https:\/\/www.lamarcadeodin.com\/en\/cartas-del-autor\/letter-from-the-author-89-reborn-and-reinvented\/#primaryimage\",\"url\":\"https:\/\/www.lamarcadeodin.com\/wp-content\/uploads\/2024\/03\/Carta-del-Autor-89-EN.jpg\",\"contentUrl\":\"https:\/\/www.lamarcadeodin.com\/wp-content\/uploads\/2024\/03\/Carta-del-Autor-89-EN.jpg\",\"width\":1200,\"height\":600,\"caption\":\"Letter from the Author 69 by Xavier Marce\"},{\"@type\":\"BreadcrumbList\",\"@id\":\"https:\/\/www.lamarcadeodin.com\/en\/cartas-del-autor\/letter-from-the-author-89-reborn-and-reinvented\/#breadcrumb\",\"itemListElement\":[{\"@type\":\"ListItem\",\"position\":1,\"name\":\"Portada\",\"item\":\"https:\/\/www.lamarcadeodin.com\/en\/\"},{\"@type\":\"ListItem\",\"position\":2,\"name\":\"Letter from the Author #89: Reborn and Reinvented\"}]},{\"@type\":\"WebSite\",\"@id\":\"https:\/\/www.lamarcadeodin.com\/#website\",\"url\":\"https:\/\/www.lamarcadeodin.com\/\",\"name\":\"La Marca de Od\u00edn\",\"description\":\"La saga literaria transmedia que fusiona actualidad con mitolog\u00eda n\u00f3rdica y ciencia ficci\u00f3n\",\"publisher\":{\"@id\":\"https:\/\/www.lamarcadeodin.com\/#organization\"},\"potentialAction\":[{\"@type\":\"SearchAction\",\"target\":{\"@type\":\"EntryPoint\",\"urlTemplate\":\"https:\/\/www.lamarcadeodin.com\/?s={search_term_string}\"},\"query-input\":{\"@type\":\"PropertyValueSpecification\",\"valueRequired\":true,\"valueName\":\"search_term_string\"}}],\"inLanguage\":\"en-US\"},{\"@type\":\"Organization\",\"@id\":\"https:\/\/www.lamarcadeodin.com\/#organization\",\"name\":\"La Marca de Od\u00edn\",\"url\":\"https:\/\/www.lamarcadeodin.com\/\",\"logo\":{\"@type\":\"ImageObject\",\"inLanguage\":\"en-US\",\"@id\":\"https:\/\/www.lamarcadeodin.com\/#\/schema\/logo\/image\/\",\"url\":\"https:\/\/www.lamarcadeodin.com\/wp-content\/uploads\/cropped-logolamarcadeodinconruna400x120.jpg\",\"contentUrl\":\"https:\/\/www.lamarcadeodin.com\/wp-content\/uploads\/cropped-logolamarcadeodinconruna400x120.jpg\",\"width\":400,\"height\":120,\"caption\":\"La Marca de Od\u00edn\"},\"image\":{\"@id\":\"https:\/\/www.lamarcadeodin.com\/#\/schema\/logo\/image\/\"},\"sameAs\":[\"https:\/\/www.facebook.com\/xaviverso\/\",\"https:\/\/x.com\/ElXaviVerso\",\"https:\/\/t.me\/xaviverso\",\"https:\/\/www.instagram.com\/elxaviverso\/\",\"https:\/\/whatsapp.com\/channel\/0029Va94LUA05MUfj4FmYU29\",\"https:\/\/www.youtube.com\/@XaviVerso\",\"https:\/\/www.tiktok.com\/@xaviverso\",\"https:\/\/www.twitch.tv\/xaviverso\"]}]}<\/script>\n<!-- \/ Yoast SEO plugin. -->","yoast_head_json":{"title":"Letter from the Author #89: Reborn and Reinvented - Mark of Odin","description":"Letter from the Author #89: Reborn and reinvented in which the writer Xavier Marc\u00e9 reveals the latest news from the XaviVerso books.","robots":{"index":"index","follow":"follow","max-snippet":"max-snippet:-1","max-image-preview":"max-image-preview:large","max-video-preview":"max-video-preview:-1"},"canonical":"https:\/\/www.lamarcadeodin.com\/en\/cartas-del-autor\/letter-from-the-author-89-reborn-and-reinvented\/","og_locale":"en_US","og_type":"article","og_title":"Letter from the Author #89: Reborn and Reinvented - Mark of Odin","og_description":"Letter from the Author #89: Reborn and reinvented in which the writer Xavier Marc\u00e9 reveals the latest news from the XaviVerso books.","og_url":"https:\/\/www.lamarcadeodin.com\/en\/cartas-del-autor\/letter-from-the-author-89-reborn-and-reinvented\/","og_site_name":"La Marca de Od\u00edn","article_publisher":"https:\/\/www.facebook.com\/xaviverso\/","article_modified_time":"2024-03-18T11:48:37+00:00","og_image":[{"width":1200,"height":600,"url":"https:\/\/www.lamarcadeodin.com\/wp-content\/uploads\/2024\/03\/Carta-del-Autor-89-EN.jpg","type":"image\/jpeg"}],"twitter_card":"summary_large_image","twitter_site":"@ElXaviVerso","twitter_misc":{"Est. reading time":"7 minutes"},"schema":{"@context":"https:\/\/schema.org","@graph":[{"@type":"WebPage","@id":"https:\/\/www.lamarcadeodin.com\/en\/cartas-del-autor\/letter-from-the-author-89-reborn-and-reinvented\/","url":"https:\/\/www.lamarcadeodin.com\/en\/cartas-del-autor\/letter-from-the-author-89-reborn-and-reinvented\/","name":"Letter from the Author #89: Reborn and Reinvented - Mark of Odin","isPartOf":{"@id":"https:\/\/www.lamarcadeodin.com\/#website"},"primaryImageOfPage":{"@id":"https:\/\/www.lamarcadeodin.com\/en\/cartas-del-autor\/letter-from-the-author-89-reborn-and-reinvented\/#primaryimage"},"image":{"@id":"https:\/\/www.lamarcadeodin.com\/en\/cartas-del-autor\/letter-from-the-author-89-reborn-and-reinvented\/#primaryimage"},"thumbnailUrl":"https:\/\/www.lamarcadeodin.com\/wp-content\/uploads\/2024\/03\/Carta-del-Autor-89-EN.jpg","datePublished":"2024-03-15T12:09:43+00:00","dateModified":"2024-03-18T11:48:37+00:00","description":"Letter from the Author #89: Reborn and reinvented in which the writer Xavier Marc\u00e9 reveals the latest news from the XaviVerso books.","breadcrumb":{"@id":"https:\/\/www.lamarcadeodin.com\/en\/cartas-del-autor\/letter-from-the-author-89-reborn-and-reinvented\/#breadcrumb"},"inLanguage":"en-US","potentialAction":[{"@type":"ReadAction","target":["https:\/\/www.lamarcadeodin.com\/en\/cartas-del-autor\/letter-from-the-author-89-reborn-and-reinvented\/"]}]},{"@type":"ImageObject","inLanguage":"en-US","@id":"https:\/\/www.lamarcadeodin.com\/en\/cartas-del-autor\/letter-from-the-author-89-reborn-and-reinvented\/#primaryimage","url":"https:\/\/www.lamarcadeodin.com\/wp-content\/uploads\/2024\/03\/Carta-del-Autor-89-EN.jpg","contentUrl":"https:\/\/www.lamarcadeodin.com\/wp-content\/uploads\/2024\/03\/Carta-del-Autor-89-EN.jpg","width":1200,"height":600,"caption":"Letter from the Author 69 by Xavier Marce"},{"@type":"BreadcrumbList","@id":"https:\/\/www.lamarcadeodin.com\/en\/cartas-del-autor\/letter-from-the-author-89-reborn-and-reinvented\/#breadcrumb","itemListElement":[{"@type":"ListItem","position":1,"name":"Portada","item":"https:\/\/www.lamarcadeodin.com\/en\/"},{"@type":"ListItem","position":2,"name":"Letter from the Author #89: Reborn and Reinvented"}]},{"@type":"WebSite","@id":"https:\/\/www.lamarcadeodin.com\/#website","url":"https:\/\/www.lamarcadeodin.com\/","name":"La Marca de Od\u00edn","description":"La saga literaria transmedia que fusiona actualidad con mitolog\u00eda n\u00f3rdica y ciencia ficci\u00f3n","publisher":{"@id":"https:\/\/www.lamarcadeodin.com\/#organization"},"potentialAction":[{"@type":"SearchAction","target":{"@type":"EntryPoint","urlTemplate":"https:\/\/www.lamarcadeodin.com\/?s={search_term_string}"},"query-input":{"@type":"PropertyValueSpecification","valueRequired":true,"valueName":"search_term_string"}}],"inLanguage":"en-US"},{"@type":"Organization","@id":"https:\/\/www.lamarcadeodin.com\/#organization","name":"La Marca de Od\u00edn","url":"https:\/\/www.lamarcadeodin.com\/","logo":{"@type":"ImageObject","inLanguage":"en-US","@id":"https:\/\/www.lamarcadeodin.com\/#\/schema\/logo\/image\/","url":"https:\/\/www.lamarcadeodin.com\/wp-content\/uploads\/cropped-logolamarcadeodinconruna400x120.jpg","contentUrl":"https:\/\/www.lamarcadeodin.com\/wp-content\/uploads\/cropped-logolamarcadeodinconruna400x120.jpg","width":400,"height":120,"caption":"La Marca de Od\u00edn"},"image":{"@id":"https:\/\/www.lamarcadeodin.com\/#\/schema\/logo\/image\/"},"sameAs":["https:\/\/www.facebook.com\/xaviverso\/","https:\/\/x.com\/ElXaviVerso","https:\/\/t.me\/xaviverso","https:\/\/www.instagram.com\/elxaviverso\/","https:\/\/whatsapp.com\/channel\/0029Va94LUA05MUfj4FmYU29","https:\/\/www.youtube.com\/@XaviVerso","https:\/\/www.tiktok.com\/@xaviverso","https:\/\/www.twitch.tv\/xaviverso"]}]}},"_links":{"self":[{"href":"https:\/\/www.lamarcadeodin.com\/en\/wp-json\/wp\/v2\/cartas-del-autor\/8088","targetHints":{"allow":["GET"]}}],"collection":[{"href":"https:\/\/www.lamarcadeodin.com\/en\/wp-json\/wp\/v2\/cartas-del-autor"}],"about":[{"href":"https:\/\/www.lamarcadeodin.com\/en\/wp-json\/wp\/v2\/types\/cartas-del-autor"}],"wp:featuredmedia":[{"embeddable":true,"href":"https:\/\/www.lamarcadeodin.com\/en\/wp-json\/wp\/v2\/media\/8092"}],"wp:attachment":[{"href":"https:\/\/www.lamarcadeodin.com\/en\/wp-json\/wp\/v2\/media?parent=8088"}],"wp:term":[{"taxonomy":"categoria-de-noticia","embeddable":true,"href":"https:\/\/www.lamarcadeodin.com\/en\/wp-json\/wp\/v2\/categoria-de-noticia?post=8088"}],"curies":[{"name":"wp","href":"https:\/\/api.w.org\/{rel}","templated":true}]}}