{"id":9143,"date":"2019-04-26T12:19:52","date_gmt":"2019-04-26T10:19:52","guid":{"rendered":"https:\/\/www.lamarcadeodin.com\/?post_type=cartas-del-autor&#038;p=9143"},"modified":"2024-05-07T14:07:09","modified_gmt":"2024-05-07T12:07:09","slug":"letter-from-the-author-56-sharpening-the-letters","status":"publish","type":"cartas-del-autor","link":"https:\/\/www.lamarcadeodin.com\/en\/cartas-del-autor\/letter-from-the-author-56-sharpening-the-letters\/","title":{"rendered":"Letter from the Author #56: Sharpening the Letters"},"content":{"rendered":"<p>Dear #MarkedbyOdin, I want to use this special week for all Mark of Odin crew and myself to get in touch with you again. In just this week we have enjoyed the amazing Book\u2019s day and Sant Jordi festivity (for Catalonian readers), plus we have passed the 80,000 readers milestone from external platforms. These are the best gifts I could ask to celebrate my birthday tomorrow, a day where I\u2019ll be older, but hopefully, wiser.<\/p>\n<p>It\u2019s been almost a month and a half since my last letter and many things have happened. We have definitively started Odinpedia\u2019s Volume 2! It has been with the extended story \u2018Daedalus Initiative Manifest\u2019 and this week with \u2018Seville: The Rising\u2019. It has been long time waiting but finally I have been able to offer you new stories after Road to Valhalla and The Battle of J\u00f6tunheim.<\/p>\n<p>I know that many of you would love to get more things and quicker, but apart of not being able to handle all myself, for many of the new stories I\u2019m stuck due to the illustration works that will support them. It\u2019s important to wait as this is not only about reading new point of views of the plot, but being able to see them literally.<\/p>\n<p><img fetchpriority=\"high\" decoding=\"async\" class=\"size-full wp-image-9137 aligncenter\" src=\"https:\/\/www.lamarcadeodin.com\/wp-content\/uploads\/2019\/04\/manifiestodedalobanner.jpg\" alt=\"\" width=\"800\" height=\"537\" srcset=\"https:\/\/www.lamarcadeodin.com\/wp-content\/uploads\/2019\/04\/manifiestodedalobanner.jpg 800w, https:\/\/www.lamarcadeodin.com\/wp-content\/uploads\/2019\/04\/manifiestodedalobanner-768x516.jpg 768w, https:\/\/www.lamarcadeodin.com\/wp-content\/uploads\/2019\/04\/manifiestodedalobanner-50x34.jpg 50w, https:\/\/www.lamarcadeodin.com\/wp-content\/uploads\/2019\/04\/manifiestodedalobanner-100x67.jpg 100w\" sizes=\"100vw\" \/><\/p>\n<p>What I can tell you right now is that there are four more extended stories ready, that have already been reviewed and edited, waiting for their illustrations. Here is the list:<\/p>\n<ul>\n<li><strong>Brunilda: The Weight of Command<\/strong><\/li>\n<li><strong>Marta: The inner balance<\/strong><\/li>\n<li><strong>Alexandra\u2019s Records: Hekkar Alpha<\/strong><\/li>\n<li><strong>Kira Takeda: Facing the Past<\/strong><\/li>\n<\/ul>\n<p>Nowadays, my main objective is to focus my attention in the final version of the second bonus chapter, The Edge of the Katana. If all goes well I hope that can reach the review-edit stage sometime in May, so I could share with all of you before June ends. Moreover, I hope that in May I could be able to share some of the mentioned extended stories as well. With that said, who knows if inspiration hits me and I surprise you with a new content meanwhile, who knows\u2026<\/p>\n<p>The past weeks I had to focus almost all of my time in marketing and sells, to secure a good campaign for the Book\u2019s day in Spain. Today I can tell you that it has been the most successful one since we started back in 2012. During almost two days we offered 10% discount in our shop and were able to reach many new readers that decided to join the #MarkedbyOdin purchasing our Collector\u2019s editions.<\/p>\n<p><img decoding=\"async\" class=\"size-full wp-image-9139 aligncenter\" src=\"https:\/\/www.lamarcadeodin.com\/wp-content\/uploads\/2019\/04\/buruAran24042019.jpg\" alt=\"\" width=\"872\" height=\"736\" srcset=\"https:\/\/www.lamarcadeodin.com\/wp-content\/uploads\/2019\/04\/buruAran24042019.jpg 872w, https:\/\/www.lamarcadeodin.com\/wp-content\/uploads\/2019\/04\/buruAran24042019-768x648.jpg 768w, https:\/\/www.lamarcadeodin.com\/wp-content\/uploads\/2019\/04\/buruAran24042019-50x42.jpg 50w, https:\/\/www.lamarcadeodin.com\/wp-content\/uploads\/2019\/04\/buruAran24042019-100x84.jpg 100w\" sizes=\"100vw\" \/><\/p>\n<p>A part of this, we have finally released the Spanish third edition of Mark of Odin: The Awakening in digital. That edition fixes many issues from the first edition and introduces features lead to improve the ratio of free readers that decide to pass to join the complete experience. Now all readers will see in a more clear way the options to continue with our saga and to join our community. Paperback version is ready too, just waiting to order a new batch of books for our store. On the other side, I keep working in the Spanish second edition of Mark of Odin: Road to Valhalla, that hopefully will be ready sometime in May, at least in digital.<\/p>\n<p>As you can see I have been facing many battles at same time so I had to slow my efforts in other fields, as the international one, so I can\u2019t bring you news for now. No worries, things keep moving and I keep having conversations and working to get fruits from what started in my past trip to USA. Hopefully we will bring you news in the coming months!<\/p>\n<p><img decoding=\"async\" class=\"size-full wp-image-9141 aligncenter\" src=\"https:\/\/www.lamarcadeodin.com\/wp-content\/uploads\/2019\/04\/sevillanivel02-banner.jpg\" alt=\"\" width=\"890\" height=\"571\" srcset=\"https:\/\/www.lamarcadeodin.com\/wp-content\/uploads\/2019\/04\/sevillanivel02-banner.jpg 890w, https:\/\/www.lamarcadeodin.com\/wp-content\/uploads\/2019\/04\/sevillanivel02-banner-768x493.jpg 768w, https:\/\/www.lamarcadeodin.com\/wp-content\/uploads\/2019\/04\/sevillanivel02-banner-50x32.jpg 50w, https:\/\/www.lamarcadeodin.com\/wp-content\/uploads\/2019\/04\/sevillanivel02-banner-100x64.jpg 100w\" sizes=\"100vw\" \/><\/p>\n<p>As always I want to thank you for your continued support. I would love to talk with all of you in our&nbsp;<a href=\"http:\/\/discord.gg\/mDeJjSg\">Discord community<\/a>, and would be great to read your reviews in our new Review section from the book and the bonus chapters.<\/p>\n<p class=\"rteright\" style=\"text-align: right;\">Remember,&nbsp;<em>all is connected<\/em>.<\/p>\n<p class=\"rteright\" style=\"text-align: right;\"><strong>Xavier Marc\u00e9<\/strong><\/p>\n<p>&nbsp;<\/p>\n","protected":false},"featured_media":5253,"template":"","meta":{"_acf_changed":false,"_bbp_topic_count":0,"_bbp_reply_count":0,"_bbp_total_topic_count":0,"_bbp_total_reply_count":0,"_bbp_voice_count":0,"_bbp_anonymous_reply_count":0,"_bbp_topic_count_hidden":0,"_bbp_reply_count_hidden":0,"_bbp_forum_subforum_count":0,"ngg_post_thumbnail":0,"_glsr_average":0,"_glsr_ranking":0,"_glsr_reviews":0},"categoria-de-noticia":[74,72],"class_list":["post-9143","cartas-del-autor","type-cartas-del-autor","status-publish","has-post-thumbnail","hentry","categoria-de-noticia-cartas-del-autor","categoria-de-noticia-noticias"],"acf":[],"yoast_head":"<!-- This site is optimized with the Yoast SEO plugin v26.9 - https:\/\/yoast.com\/product\/yoast-seo-wordpress\/ -->\n<title>Letter from the Author #56: Sharpening the Letters - La Marca de Od\u00edn<\/title>\n<meta name=\"description\" content=\"Dear #MarkedbyOdin, I want to use this special week for all Mark of Odin crew and myself to get in touch with you again\" \/>\n<meta name=\"robots\" content=\"index, follow, max-snippet:-1, max-image-preview:large, max-video-preview:-1\" \/>\n<link rel=\"canonical\" href=\"https:\/\/www.lamarcadeodin.com\/en\/cartas-del-autor\/letter-from-the-author-56-sharpening-the-letters\/\" \/>\n<meta property=\"og:locale\" content=\"en_US\" \/>\n<meta property=\"og:type\" content=\"article\" \/>\n<meta property=\"og:title\" content=\"Letter from the Author #56: Sharpening the Letters - La Marca de Od\u00edn\" \/>\n<meta property=\"og:description\" content=\"Dear #MarkedbyOdin, I want to use this special week for all Mark of Odin crew and myself to get in touch with you again\" \/>\n<meta property=\"og:url\" content=\"https:\/\/www.lamarcadeodin.com\/en\/cartas-del-autor\/letter-from-the-author-56-sharpening-the-letters\/\" \/>\n<meta property=\"og:site_name\" content=\"La Marca de Od\u00edn\" \/>\n<meta property=\"article:publisher\" content=\"https:\/\/www.facebook.com\/xaviverso\/\" \/>\n<meta property=\"article:modified_time\" content=\"2024-05-07T12:07:09+00:00\" \/>\n<meta property=\"og:image\" content=\"https:\/\/www.lamarcadeodin.com\/wp-content\/uploads\/runalmdoarenabannerx900.jpg\" \/>\n\t<meta property=\"og:image:width\" content=\"900\" \/>\n\t<meta property=\"og:image:height\" content=\"620\" \/>\n\t<meta property=\"og:image:type\" content=\"image\/jpeg\" \/>\n<meta name=\"twitter:card\" content=\"summary_large_image\" \/>\n<meta name=\"twitter:site\" content=\"@ElXaviVerso\" \/>\n<meta name=\"twitter:label1\" content=\"Est. reading time\" \/>\n\t<meta name=\"twitter:data1\" content=\"4 minutes\" \/>\n<script type=\"application\/ld+json\" class=\"yoast-schema-graph\">{\"@context\":\"https:\/\/schema.org\",\"@graph\":[{\"@type\":\"WebPage\",\"@id\":\"https:\/\/www.lamarcadeodin.com\/en\/cartas-del-autor\/letter-from-the-author-56-sharpening-the-letters\/\",\"url\":\"https:\/\/www.lamarcadeodin.com\/en\/cartas-del-autor\/letter-from-the-author-56-sharpening-the-letters\/\",\"name\":\"Letter from the Author #56: Sharpening the Letters - La Marca de Od\u00edn\",\"isPartOf\":{\"@id\":\"https:\/\/www.lamarcadeodin.com\/#website\"},\"primaryImageOfPage\":{\"@id\":\"https:\/\/www.lamarcadeodin.com\/en\/cartas-del-autor\/letter-from-the-author-56-sharpening-the-letters\/#primaryimage\"},\"image\":{\"@id\":\"https:\/\/www.lamarcadeodin.com\/en\/cartas-del-autor\/letter-from-the-author-56-sharpening-the-letters\/#primaryimage\"},\"thumbnailUrl\":\"https:\/\/www.lamarcadeodin.com\/wp-content\/uploads\/runalmdoarenabannerx900.jpg\",\"datePublished\":\"2019-04-26T10:19:52+00:00\",\"dateModified\":\"2024-05-07T12:07:09+00:00\",\"description\":\"Dear #MarkedbyOdin, I want to use this special week for all Mark of Odin crew and myself to get in touch with you again\",\"breadcrumb\":{\"@id\":\"https:\/\/www.lamarcadeodin.com\/en\/cartas-del-autor\/letter-from-the-author-56-sharpening-the-letters\/#breadcrumb\"},\"inLanguage\":\"en-US\",\"potentialAction\":[{\"@type\":\"ReadAction\",\"target\":[\"https:\/\/www.lamarcadeodin.com\/en\/cartas-del-autor\/letter-from-the-author-56-sharpening-the-letters\/\"]}]},{\"@type\":\"ImageObject\",\"inLanguage\":\"en-US\",\"@id\":\"https:\/\/www.lamarcadeodin.com\/en\/cartas-del-autor\/letter-from-the-author-56-sharpening-the-letters\/#primaryimage\",\"url\":\"https:\/\/www.lamarcadeodin.com\/wp-content\/uploads\/runalmdoarenabannerx900.jpg\",\"contentUrl\":\"https:\/\/www.lamarcadeodin.com\/wp-content\/uploads\/runalmdoarenabannerx900.jpg\",\"width\":900,\"height\":620},{\"@type\":\"BreadcrumbList\",\"@id\":\"https:\/\/www.lamarcadeodin.com\/en\/cartas-del-autor\/letter-from-the-author-56-sharpening-the-letters\/#breadcrumb\",\"itemListElement\":[{\"@type\":\"ListItem\",\"position\":1,\"name\":\"Portada\",\"item\":\"https:\/\/www.lamarcadeodin.com\/en\/\"},{\"@type\":\"ListItem\",\"position\":2,\"name\":\"Letter from the Author #56: Sharpening the Letters\"}]},{\"@type\":\"WebSite\",\"@id\":\"https:\/\/www.lamarcadeodin.com\/#website\",\"url\":\"https:\/\/www.lamarcadeodin.com\/\",\"name\":\"La Marca de Od\u00edn\",\"description\":\"La saga literaria transmedia que fusiona actualidad con mitolog\u00eda n\u00f3rdica y ciencia ficci\u00f3n\",\"publisher\":{\"@id\":\"https:\/\/www.lamarcadeodin.com\/#organization\"},\"potentialAction\":[{\"@type\":\"SearchAction\",\"target\":{\"@type\":\"EntryPoint\",\"urlTemplate\":\"https:\/\/www.lamarcadeodin.com\/?s={search_term_string}\"},\"query-input\":{\"@type\":\"PropertyValueSpecification\",\"valueRequired\":true,\"valueName\":\"search_term_string\"}}],\"inLanguage\":\"en-US\"},{\"@type\":\"Organization\",\"@id\":\"https:\/\/www.lamarcadeodin.com\/#organization\",\"name\":\"La Marca de Od\u00edn\",\"url\":\"https:\/\/www.lamarcadeodin.com\/\",\"logo\":{\"@type\":\"ImageObject\",\"inLanguage\":\"en-US\",\"@id\":\"https:\/\/www.lamarcadeodin.com\/#\/schema\/logo\/image\/\",\"url\":\"https:\/\/www.lamarcadeodin.com\/wp-content\/uploads\/cropped-logolamarcadeodinconruna400x120.jpg\",\"contentUrl\":\"https:\/\/www.lamarcadeodin.com\/wp-content\/uploads\/cropped-logolamarcadeodinconruna400x120.jpg\",\"width\":400,\"height\":120,\"caption\":\"La Marca de Od\u00edn\"},\"image\":{\"@id\":\"https:\/\/www.lamarcadeodin.com\/#\/schema\/logo\/image\/\"},\"sameAs\":[\"https:\/\/www.facebook.com\/xaviverso\/\",\"https:\/\/x.com\/ElXaviVerso\",\"https:\/\/t.me\/xaviverso\",\"https:\/\/www.instagram.com\/elxaviverso\/\",\"https:\/\/whatsapp.com\/channel\/0029Va94LUA05MUfj4FmYU29\",\"https:\/\/www.youtube.com\/@XaviVerso\",\"https:\/\/www.tiktok.com\/@xaviverso\",\"https:\/\/www.twitch.tv\/xaviverso\"]}]}<\/script>\n<!-- \/ Yoast SEO plugin. -->","yoast_head_json":{"title":"Letter from the Author #56: Sharpening the Letters - La Marca de Od\u00edn","description":"Dear #MarkedbyOdin, I want to use this special week for all Mark of Odin crew and myself to get in touch with you again","robots":{"index":"index","follow":"follow","max-snippet":"max-snippet:-1","max-image-preview":"max-image-preview:large","max-video-preview":"max-video-preview:-1"},"canonical":"https:\/\/www.lamarcadeodin.com\/en\/cartas-del-autor\/letter-from-the-author-56-sharpening-the-letters\/","og_locale":"en_US","og_type":"article","og_title":"Letter from the Author #56: Sharpening the Letters - La Marca de Od\u00edn","og_description":"Dear #MarkedbyOdin, I want to use this special week for all Mark of Odin crew and myself to get in touch with you again","og_url":"https:\/\/www.lamarcadeodin.com\/en\/cartas-del-autor\/letter-from-the-author-56-sharpening-the-letters\/","og_site_name":"La Marca de Od\u00edn","article_publisher":"https:\/\/www.facebook.com\/xaviverso\/","article_modified_time":"2024-05-07T12:07:09+00:00","og_image":[{"width":900,"height":620,"url":"https:\/\/www.lamarcadeodin.com\/wp-content\/uploads\/runalmdoarenabannerx900.jpg","type":"image\/jpeg"}],"twitter_card":"summary_large_image","twitter_site":"@ElXaviVerso","twitter_misc":{"Est. reading time":"4 minutes"},"schema":{"@context":"https:\/\/schema.org","@graph":[{"@type":"WebPage","@id":"https:\/\/www.lamarcadeodin.com\/en\/cartas-del-autor\/letter-from-the-author-56-sharpening-the-letters\/","url":"https:\/\/www.lamarcadeodin.com\/en\/cartas-del-autor\/letter-from-the-author-56-sharpening-the-letters\/","name":"Letter from the Author #56: Sharpening the Letters - La Marca de Od\u00edn","isPartOf":{"@id":"https:\/\/www.lamarcadeodin.com\/#website"},"primaryImageOfPage":{"@id":"https:\/\/www.lamarcadeodin.com\/en\/cartas-del-autor\/letter-from-the-author-56-sharpening-the-letters\/#primaryimage"},"image":{"@id":"https:\/\/www.lamarcadeodin.com\/en\/cartas-del-autor\/letter-from-the-author-56-sharpening-the-letters\/#primaryimage"},"thumbnailUrl":"https:\/\/www.lamarcadeodin.com\/wp-content\/uploads\/runalmdoarenabannerx900.jpg","datePublished":"2019-04-26T10:19:52+00:00","dateModified":"2024-05-07T12:07:09+00:00","description":"Dear #MarkedbyOdin, I want to use this special week for all Mark of Odin crew and myself to get in touch with you again","breadcrumb":{"@id":"https:\/\/www.lamarcadeodin.com\/en\/cartas-del-autor\/letter-from-the-author-56-sharpening-the-letters\/#breadcrumb"},"inLanguage":"en-US","potentialAction":[{"@type":"ReadAction","target":["https:\/\/www.lamarcadeodin.com\/en\/cartas-del-autor\/letter-from-the-author-56-sharpening-the-letters\/"]}]},{"@type":"ImageObject","inLanguage":"en-US","@id":"https:\/\/www.lamarcadeodin.com\/en\/cartas-del-autor\/letter-from-the-author-56-sharpening-the-letters\/#primaryimage","url":"https:\/\/www.lamarcadeodin.com\/wp-content\/uploads\/runalmdoarenabannerx900.jpg","contentUrl":"https:\/\/www.lamarcadeodin.com\/wp-content\/uploads\/runalmdoarenabannerx900.jpg","width":900,"height":620},{"@type":"BreadcrumbList","@id":"https:\/\/www.lamarcadeodin.com\/en\/cartas-del-autor\/letter-from-the-author-56-sharpening-the-letters\/#breadcrumb","itemListElement":[{"@type":"ListItem","position":1,"name":"Portada","item":"https:\/\/www.lamarcadeodin.com\/en\/"},{"@type":"ListItem","position":2,"name":"Letter from the Author #56: Sharpening the Letters"}]},{"@type":"WebSite","@id":"https:\/\/www.lamarcadeodin.com\/#website","url":"https:\/\/www.lamarcadeodin.com\/","name":"La Marca de Od\u00edn","description":"La saga literaria transmedia que fusiona actualidad con mitolog\u00eda n\u00f3rdica y ciencia ficci\u00f3n","publisher":{"@id":"https:\/\/www.lamarcadeodin.com\/#organization"},"potentialAction":[{"@type":"SearchAction","target":{"@type":"EntryPoint","urlTemplate":"https:\/\/www.lamarcadeodin.com\/?s={search_term_string}"},"query-input":{"@type":"PropertyValueSpecification","valueRequired":true,"valueName":"search_term_string"}}],"inLanguage":"en-US"},{"@type":"Organization","@id":"https:\/\/www.lamarcadeodin.com\/#organization","name":"La Marca de Od\u00edn","url":"https:\/\/www.lamarcadeodin.com\/","logo":{"@type":"ImageObject","inLanguage":"en-US","@id":"https:\/\/www.lamarcadeodin.com\/#\/schema\/logo\/image\/","url":"https:\/\/www.lamarcadeodin.com\/wp-content\/uploads\/cropped-logolamarcadeodinconruna400x120.jpg","contentUrl":"https:\/\/www.lamarcadeodin.com\/wp-content\/uploads\/cropped-logolamarcadeodinconruna400x120.jpg","width":400,"height":120,"caption":"La Marca de Od\u00edn"},"image":{"@id":"https:\/\/www.lamarcadeodin.com\/#\/schema\/logo\/image\/"},"sameAs":["https:\/\/www.facebook.com\/xaviverso\/","https:\/\/x.com\/ElXaviVerso","https:\/\/t.me\/xaviverso","https:\/\/www.instagram.com\/elxaviverso\/","https:\/\/whatsapp.com\/channel\/0029Va94LUA05MUfj4FmYU29","https:\/\/www.youtube.com\/@XaviVerso","https:\/\/www.tiktok.com\/@xaviverso","https:\/\/www.twitch.tv\/xaviverso"]}]}},"_links":{"self":[{"href":"https:\/\/www.lamarcadeodin.com\/en\/wp-json\/wp\/v2\/cartas-del-autor\/9143","targetHints":{"allow":["GET"]}}],"collection":[{"href":"https:\/\/www.lamarcadeodin.com\/en\/wp-json\/wp\/v2\/cartas-del-autor"}],"about":[{"href":"https:\/\/www.lamarcadeodin.com\/en\/wp-json\/wp\/v2\/types\/cartas-del-autor"}],"wp:featuredmedia":[{"embeddable":true,"href":"https:\/\/www.lamarcadeodin.com\/en\/wp-json\/wp\/v2\/media\/5253"}],"wp:attachment":[{"href":"https:\/\/www.lamarcadeodin.com\/en\/wp-json\/wp\/v2\/media?parent=9143"}],"wp:term":[{"taxonomy":"categoria-de-noticia","embeddable":true,"href":"https:\/\/www.lamarcadeodin.com\/en\/wp-json\/wp\/v2\/categoria-de-noticia?post=9143"}],"curies":[{"name":"wp","href":"https:\/\/api.w.org\/{rel}","templated":true}]}}