{"id":9153,"date":"2019-03-12T12:17:40","date_gmt":"2019-03-12T11:17:40","guid":{"rendered":"https:\/\/www.lamarcadeodin.com\/?post_type=cartas-del-autor&#038;p=9153"},"modified":"2024-05-07T14:26:41","modified_gmt":"2024-05-07T12:26:41","slug":"letter-from-the-author-55-after-the-first-contact","status":"publish","type":"cartas-del-autor","link":"https:\/\/www.lamarcadeodin.com\/en\/cartas-del-autor\/letter-from-the-author-55-after-the-first-contact\/","title":{"rendered":"Letter from the Author #55: After the First Contact"},"content":{"rendered":"<p>Dear #MarkedbyOdin, I\u2019m back on duty now that I returned some days ago from my trip to US. So it\u2019s perfect timing to update you with all our news about the saga and this transmedia project that won\u2019t stop growing.<\/p>\n<p>As you can bet, this past month, being away most of it, there have been many things that I had to put aside. I wanted to finish several tasks and move forward in completing the drafts of several new extended stories. The truth is that I have barely had time or brain to get into it. As you already know, you can\u2019t be in many places at same time! (Despite I wish I could!)<\/p>\n<p>In this month I hope we can have ready the new Spanish edition of Mark of Odin: The Awakening, at least for the digital version. On paper we hope to be able to order soon the first bunch of copies of this new edition, which includes changes and improvements. In addition to correcting some elusive mistakes, we update my photo and also add a new QR code inside so that&nbsp;<a href=\"https:\/\/discord.gg\/mDeJjSg\">new readers can join our Discord community<\/a>. With that said, If you have not done it already, I&#8217;ll ask you again, we&#8217;d love to have you all there to chat with us, debate with other readers about the saga and get all our news first. This would be followed by a complete review of the Spanish edition of Mark of Odin: Road to Valhalla in order to have a new edition ready for when we have to order more copies to the printer.<\/p>\n<p><img fetchpriority=\"high\" decoding=\"async\" class=\"size-full wp-image-9145 aligncenter\" src=\"https:\/\/www.lamarcadeodin.com\/wp-content\/uploads\/2019\/03\/brunildateaserconcept02.jpg\" alt=\"\" width=\"1200\" height=\"675\" srcset=\"https:\/\/www.lamarcadeodin.com\/wp-content\/uploads\/2019\/03\/brunildateaserconcept02.jpg 1200w, https:\/\/www.lamarcadeodin.com\/wp-content\/uploads\/2019\/03\/brunildateaserconcept02-768x432.jpg 768w, https:\/\/www.lamarcadeodin.com\/wp-content\/uploads\/2019\/03\/brunildateaserconcept02-50x28.jpg 50w, https:\/\/www.lamarcadeodin.com\/wp-content\/uploads\/2019\/03\/brunildateaserconcept02-100x56.jpg 100w\" sizes=\"100vw\" \/><\/p>\n<p>In terms of content, as I anticipated in my last letter, we have on the waiting list &#8216;Brunilda: The weight of the command&#8217; (above you have a first pencil sketch of Manu Nieto) and &#8216;Marta: The inner balance&#8217;. I will add soon another one about the \u2018Alpha\u2019 (not saying more to not do any Spoilers to those who haven\u2019t read the second book yet). Manu Nieto is the main guilty for this one, as he already started to work on the illustration of this adorable creature. You can see a first tease in the next picture.<\/p>\n<p><img decoding=\"async\" class=\"size-full wp-image-9147 aligncenter\" src=\"https:\/\/www.lamarcadeodin.com\/wp-content\/uploads\/2019\/03\/Alfa-teaserconceptalapiz02.jpg\" alt=\"\" width=\"1200\" height=\"675\" srcset=\"https:\/\/www.lamarcadeodin.com\/wp-content\/uploads\/2019\/03\/Alfa-teaserconceptalapiz02.jpg 1200w, https:\/\/www.lamarcadeodin.com\/wp-content\/uploads\/2019\/03\/Alfa-teaserconceptalapiz02-768x432.jpg 768w, https:\/\/www.lamarcadeodin.com\/wp-content\/uploads\/2019\/03\/Alfa-teaserconceptalapiz02-50x28.jpg 50w, https:\/\/www.lamarcadeodin.com\/wp-content\/uploads\/2019\/03\/Alfa-teaserconceptalapiz02-100x56.jpg 100w\" sizes=\"100vw\" \/><\/p>\n<p>About our web, we have released the&nbsp;<a href=\"https:\/\/www.lamarcadeodin.com\/en\/The-Community\">new Reviews section<\/a>(English version still a work in progress) and activated the buttons in&nbsp;<a href=\"https:\/\/www.lamarcadeodin.com\/en\/The-Community\">The Community<\/a>&nbsp;to indicate that you have finished reading all the available Bonus Chapters. Using them will grant you their respective achievements. So if you haven\u2019t done yet, please go now to add them to your profile. Moreover, we strongly recommend you to share your reviews from the first book and its three bonus chapters. Your reviews are so important for us. Not only because I can have a view of what you have felt reading me, but also because they can help others to join our ranks&nbsp;<a href=\"https:\/\/www.lamarcadeodin.com\/en\/content\/online-pass-level-1-mark-odin-awakening-required-register\">purchasing the Online Pass in our Store!<\/a><\/p>\n<p>In that matter, I encourage you to share your reviews in&nbsp;<a href=\"https:\/\/www.amazon.com\/dp\/B07B6R8Y7F\/\">Amazon<\/a>,&nbsp;<a href=\"https:\/\/play.google.com\/store\/books\/details?id=pLpODwAAQBAJ\">Google Play Books<\/a>,&nbsp;<a href=\"https:\/\/itunes.apple.com\/us\/book\/id1355196169\">iBooks&nbsp;<\/a>,&nbsp;<a href=\"https:\/\/www.kobo.com\/en\/en\/ebook\/mark-of-odin-the-awakening\">Kobo<\/a>&nbsp;or in&nbsp;<a href=\"https:\/\/www.goodreads.com\/book\/show\/38921705-mark-of-odin\">GoodReads<\/a>&nbsp;if you are already registered there. This will increase our visibility and reach more users, which can be translated into more support to keep working in this amazing saga!<\/p>\n<p>&nbsp;<\/p>\n<p><img decoding=\"async\" class=\"size-full wp-image-9149 aligncenter\" src=\"https:\/\/www.lamarcadeodin.com\/wp-content\/uploads\/2019\/03\/lmdocartelhollywood.jpg\" alt=\"\" width=\"900\" height=\"1200\" srcset=\"https:\/\/www.lamarcadeodin.com\/wp-content\/uploads\/2019\/03\/lmdocartelhollywood.jpg 900w, https:\/\/www.lamarcadeodin.com\/wp-content\/uploads\/2019\/03\/lmdocartelhollywood-768x1024.jpg 768w, https:\/\/www.lamarcadeodin.com\/wp-content\/uploads\/2019\/03\/lmdocartelhollywood-38x50.jpg 38w, https:\/\/www.lamarcadeodin.com\/wp-content\/uploads\/2019\/03\/lmdocartelhollywood-75x100.jpg 75w\" sizes=\"100vw\" \/><\/p>\n<p>At this point it is time to address the main topic, the one that excited me more. What happened to my trip to the United States? Well, what I can tell you for the moment is that I had the opportunity to meet with very interesting and important people. People from different fields: Studios, Producers, Creative and Talent agencies, Business development companies&#8230; All of them have given me new points of view and also conveyed very positive congratulations and feedback for the entire project that revolves around Mark of Odin. And as I have been told more than once, not even large US companies have been able to do something similar despite having a thousand times more famous stories and almost unlimited resources.<\/p>\n<p>You must understand that nowadays, getting an intellectual property to grow, become famous and become a product of mass consumption is an epic feat, almost reaching the impossible. You have to have your feet on the ground, but of course, from the first moment, with Mark of Odin I wanted to show that there is nothing impossible if you believe in it with all your strength until the end. What I can tell you is that this first trip, which I hope will be followed by others, has served to lay a foundation and sow. If everything goes well, sooner rather than later we will collect fruits and I will be very happy to share it with all of you.<\/p>\n<p><img loading=\"lazy\" decoding=\"async\" class=\"size-full wp-image-9151 aligncenter\" src=\"https:\/\/www.lamarcadeodin.com\/wp-content\/uploads\/2019\/03\/lmdoconlosangelesdefondo.jpg\" alt=\"\" width=\"1200\" height=\"900\" srcset=\"https:\/\/www.lamarcadeodin.com\/wp-content\/uploads\/2019\/03\/lmdoconlosangelesdefondo.jpg 1200w, https:\/\/www.lamarcadeodin.com\/wp-content\/uploads\/2019\/03\/lmdoconlosangelesdefondo-768x576.jpg 768w, https:\/\/www.lamarcadeodin.com\/wp-content\/uploads\/2019\/03\/lmdoconlosangelesdefondo-50x38.jpg 50w, https:\/\/www.lamarcadeodin.com\/wp-content\/uploads\/2019\/03\/lmdoconlosangelesdefondo-100x75.jpg 100w\" sizes=\"100vw\" \/><\/p>\n<p>And here we come for now. Again I want to thank you all #MarkedbyOdin, the ones that make it possible that this dream called Mark of Odin doesn\u2019t stop growing. Each new reader that you get to join our community is a new impulse to make us fly so high.<\/p>\n<p class=\"rteright\" style=\"text-align: right;\"><em>Remember\u2026 All is connected!<\/em><\/p>\n<p class=\"rteright\" style=\"text-align: right;\"><strong>Xavier Marc\u00e9<\/strong><\/p>\n<p>&nbsp;<\/p>\n","protected":false},"featured_media":5252,"template":"","meta":{"_acf_changed":false,"_bbp_topic_count":0,"_bbp_reply_count":0,"_bbp_total_topic_count":0,"_bbp_total_reply_count":0,"_bbp_voice_count":0,"_bbp_anonymous_reply_count":0,"_bbp_topic_count_hidden":0,"_bbp_reply_count_hidden":0,"_bbp_forum_subforum_count":0,"ngg_post_thumbnail":0,"_glsr_average":0,"_glsr_ranking":0,"_glsr_reviews":0},"categoria-de-noticia":[74,72],"class_list":["post-9153","cartas-del-autor","type-cartas-del-autor","status-publish","has-post-thumbnail","hentry","categoria-de-noticia-cartas-del-autor","categoria-de-noticia-noticias"],"acf":[],"yoast_head":"<!-- This site is optimized with the Yoast SEO plugin v26.9 - https:\/\/yoast.com\/product\/yoast-seo-wordpress\/ -->\n<title>Letter from the Author #55: After the First Contact - La Marca de Od\u00edn<\/title>\n<meta name=\"description\" content=\"Dear #MarkedbyOdin, I\u2019m back on duty now that I returned some days ago from my trip to US.\" \/>\n<meta name=\"robots\" content=\"index, follow, max-snippet:-1, max-image-preview:large, max-video-preview:-1\" \/>\n<link rel=\"canonical\" href=\"https:\/\/www.lamarcadeodin.com\/en\/cartas-del-autor\/letter-from-the-author-55-after-the-first-contact\/\" \/>\n<meta property=\"og:locale\" content=\"en_US\" \/>\n<meta property=\"og:type\" content=\"article\" \/>\n<meta property=\"og:title\" content=\"Letter from the Author #55: After the First Contact - La Marca de Od\u00edn\" \/>\n<meta property=\"og:description\" content=\"Dear #MarkedbyOdin, I\u2019m back on duty now that I returned some days ago from my trip to US.\" \/>\n<meta property=\"og:url\" content=\"https:\/\/www.lamarcadeodin.com\/en\/cartas-del-autor\/letter-from-the-author-55-after-the-first-contact\/\" \/>\n<meta property=\"og:site_name\" content=\"La Marca de Od\u00edn\" \/>\n<meta property=\"article:publisher\" content=\"https:\/\/www.facebook.com\/xaviverso\/\" \/>\n<meta property=\"article:modified_time\" content=\"2024-05-07T12:26:41+00:00\" \/>\n<meta property=\"og:image\" content=\"https:\/\/www.lamarcadeodin.com\/wp-content\/uploads\/lmdoobservatoriogriffith.jpg\" \/>\n\t<meta property=\"og:image:width\" content=\"1200\" \/>\n\t<meta property=\"og:image:height\" content=\"900\" \/>\n\t<meta property=\"og:image:type\" content=\"image\/jpeg\" \/>\n<meta name=\"twitter:card\" content=\"summary_large_image\" \/>\n<meta name=\"twitter:site\" content=\"@ElXaviVerso\" \/>\n<meta name=\"twitter:label1\" content=\"Est. reading time\" \/>\n\t<meta name=\"twitter:data1\" content=\"5 minutes\" \/>\n<script type=\"application\/ld+json\" class=\"yoast-schema-graph\">{\"@context\":\"https:\/\/schema.org\",\"@graph\":[{\"@type\":\"WebPage\",\"@id\":\"https:\/\/www.lamarcadeodin.com\/en\/cartas-del-autor\/letter-from-the-author-55-after-the-first-contact\/\",\"url\":\"https:\/\/www.lamarcadeodin.com\/en\/cartas-del-autor\/letter-from-the-author-55-after-the-first-contact\/\",\"name\":\"Letter from the Author #55: After the First Contact - La Marca de Od\u00edn\",\"isPartOf\":{\"@id\":\"https:\/\/www.lamarcadeodin.com\/#website\"},\"primaryImageOfPage\":{\"@id\":\"https:\/\/www.lamarcadeodin.com\/en\/cartas-del-autor\/letter-from-the-author-55-after-the-first-contact\/#primaryimage\"},\"image\":{\"@id\":\"https:\/\/www.lamarcadeodin.com\/en\/cartas-del-autor\/letter-from-the-author-55-after-the-first-contact\/#primaryimage\"},\"thumbnailUrl\":\"https:\/\/www.lamarcadeodin.com\/wp-content\/uploads\/lmdoobservatoriogriffith.jpg\",\"datePublished\":\"2019-03-12T11:17:40+00:00\",\"dateModified\":\"2024-05-07T12:26:41+00:00\",\"description\":\"Dear #MarkedbyOdin, I\u2019m back on duty now that I returned some days ago from my trip to US.\",\"breadcrumb\":{\"@id\":\"https:\/\/www.lamarcadeodin.com\/en\/cartas-del-autor\/letter-from-the-author-55-after-the-first-contact\/#breadcrumb\"},\"inLanguage\":\"en-US\",\"potentialAction\":[{\"@type\":\"ReadAction\",\"target\":[\"https:\/\/www.lamarcadeodin.com\/en\/cartas-del-autor\/letter-from-the-author-55-after-the-first-contact\/\"]}]},{\"@type\":\"ImageObject\",\"inLanguage\":\"en-US\",\"@id\":\"https:\/\/www.lamarcadeodin.com\/en\/cartas-del-autor\/letter-from-the-author-55-after-the-first-contact\/#primaryimage\",\"url\":\"https:\/\/www.lamarcadeodin.com\/wp-content\/uploads\/lmdoobservatoriogriffith.jpg\",\"contentUrl\":\"https:\/\/www.lamarcadeodin.com\/wp-content\/uploads\/lmdoobservatoriogriffith.jpg\",\"width\":1200,\"height\":900},{\"@type\":\"BreadcrumbList\",\"@id\":\"https:\/\/www.lamarcadeodin.com\/en\/cartas-del-autor\/letter-from-the-author-55-after-the-first-contact\/#breadcrumb\",\"itemListElement\":[{\"@type\":\"ListItem\",\"position\":1,\"name\":\"Portada\",\"item\":\"https:\/\/www.lamarcadeodin.com\/en\/\"},{\"@type\":\"ListItem\",\"position\":2,\"name\":\"Letter from the Author #55: After the First Contact\"}]},{\"@type\":\"WebSite\",\"@id\":\"https:\/\/www.lamarcadeodin.com\/#website\",\"url\":\"https:\/\/www.lamarcadeodin.com\/\",\"name\":\"La Marca de Od\u00edn\",\"description\":\"La saga literaria transmedia que fusiona actualidad con mitolog\u00eda n\u00f3rdica y ciencia ficci\u00f3n\",\"publisher\":{\"@id\":\"https:\/\/www.lamarcadeodin.com\/#organization\"},\"potentialAction\":[{\"@type\":\"SearchAction\",\"target\":{\"@type\":\"EntryPoint\",\"urlTemplate\":\"https:\/\/www.lamarcadeodin.com\/?s={search_term_string}\"},\"query-input\":{\"@type\":\"PropertyValueSpecification\",\"valueRequired\":true,\"valueName\":\"search_term_string\"}}],\"inLanguage\":\"en-US\"},{\"@type\":\"Organization\",\"@id\":\"https:\/\/www.lamarcadeodin.com\/#organization\",\"name\":\"La Marca de Od\u00edn\",\"url\":\"https:\/\/www.lamarcadeodin.com\/\",\"logo\":{\"@type\":\"ImageObject\",\"inLanguage\":\"en-US\",\"@id\":\"https:\/\/www.lamarcadeodin.com\/#\/schema\/logo\/image\/\",\"url\":\"https:\/\/www.lamarcadeodin.com\/wp-content\/uploads\/cropped-logolamarcadeodinconruna400x120.jpg\",\"contentUrl\":\"https:\/\/www.lamarcadeodin.com\/wp-content\/uploads\/cropped-logolamarcadeodinconruna400x120.jpg\",\"width\":400,\"height\":120,\"caption\":\"La Marca de Od\u00edn\"},\"image\":{\"@id\":\"https:\/\/www.lamarcadeodin.com\/#\/schema\/logo\/image\/\"},\"sameAs\":[\"https:\/\/www.facebook.com\/xaviverso\/\",\"https:\/\/x.com\/ElXaviVerso\",\"https:\/\/t.me\/xaviverso\",\"https:\/\/www.instagram.com\/elxaviverso\/\",\"https:\/\/whatsapp.com\/channel\/0029Va94LUA05MUfj4FmYU29\",\"https:\/\/www.youtube.com\/@XaviVerso\",\"https:\/\/www.tiktok.com\/@xaviverso\",\"https:\/\/www.twitch.tv\/xaviverso\"]}]}<\/script>\n<!-- \/ Yoast SEO plugin. -->","yoast_head_json":{"title":"Letter from the Author #55: After the First Contact - La Marca de Od\u00edn","description":"Dear #MarkedbyOdin, I\u2019m back on duty now that I returned some days ago from my trip to US.","robots":{"index":"index","follow":"follow","max-snippet":"max-snippet:-1","max-image-preview":"max-image-preview:large","max-video-preview":"max-video-preview:-1"},"canonical":"https:\/\/www.lamarcadeodin.com\/en\/cartas-del-autor\/letter-from-the-author-55-after-the-first-contact\/","og_locale":"en_US","og_type":"article","og_title":"Letter from the Author #55: After the First Contact - La Marca de Od\u00edn","og_description":"Dear #MarkedbyOdin, I\u2019m back on duty now that I returned some days ago from my trip to US.","og_url":"https:\/\/www.lamarcadeodin.com\/en\/cartas-del-autor\/letter-from-the-author-55-after-the-first-contact\/","og_site_name":"La Marca de Od\u00edn","article_publisher":"https:\/\/www.facebook.com\/xaviverso\/","article_modified_time":"2024-05-07T12:26:41+00:00","og_image":[{"width":1200,"height":900,"url":"https:\/\/www.lamarcadeodin.com\/wp-content\/uploads\/lmdoobservatoriogriffith.jpg","type":"image\/jpeg"}],"twitter_card":"summary_large_image","twitter_site":"@ElXaviVerso","twitter_misc":{"Est. reading time":"5 minutes"},"schema":{"@context":"https:\/\/schema.org","@graph":[{"@type":"WebPage","@id":"https:\/\/www.lamarcadeodin.com\/en\/cartas-del-autor\/letter-from-the-author-55-after-the-first-contact\/","url":"https:\/\/www.lamarcadeodin.com\/en\/cartas-del-autor\/letter-from-the-author-55-after-the-first-contact\/","name":"Letter from the Author #55: After the First Contact - La Marca de Od\u00edn","isPartOf":{"@id":"https:\/\/www.lamarcadeodin.com\/#website"},"primaryImageOfPage":{"@id":"https:\/\/www.lamarcadeodin.com\/en\/cartas-del-autor\/letter-from-the-author-55-after-the-first-contact\/#primaryimage"},"image":{"@id":"https:\/\/www.lamarcadeodin.com\/en\/cartas-del-autor\/letter-from-the-author-55-after-the-first-contact\/#primaryimage"},"thumbnailUrl":"https:\/\/www.lamarcadeodin.com\/wp-content\/uploads\/lmdoobservatoriogriffith.jpg","datePublished":"2019-03-12T11:17:40+00:00","dateModified":"2024-05-07T12:26:41+00:00","description":"Dear #MarkedbyOdin, I\u2019m back on duty now that I returned some days ago from my trip to US.","breadcrumb":{"@id":"https:\/\/www.lamarcadeodin.com\/en\/cartas-del-autor\/letter-from-the-author-55-after-the-first-contact\/#breadcrumb"},"inLanguage":"en-US","potentialAction":[{"@type":"ReadAction","target":["https:\/\/www.lamarcadeodin.com\/en\/cartas-del-autor\/letter-from-the-author-55-after-the-first-contact\/"]}]},{"@type":"ImageObject","inLanguage":"en-US","@id":"https:\/\/www.lamarcadeodin.com\/en\/cartas-del-autor\/letter-from-the-author-55-after-the-first-contact\/#primaryimage","url":"https:\/\/www.lamarcadeodin.com\/wp-content\/uploads\/lmdoobservatoriogriffith.jpg","contentUrl":"https:\/\/www.lamarcadeodin.com\/wp-content\/uploads\/lmdoobservatoriogriffith.jpg","width":1200,"height":900},{"@type":"BreadcrumbList","@id":"https:\/\/www.lamarcadeodin.com\/en\/cartas-del-autor\/letter-from-the-author-55-after-the-first-contact\/#breadcrumb","itemListElement":[{"@type":"ListItem","position":1,"name":"Portada","item":"https:\/\/www.lamarcadeodin.com\/en\/"},{"@type":"ListItem","position":2,"name":"Letter from the Author #55: After the First Contact"}]},{"@type":"WebSite","@id":"https:\/\/www.lamarcadeodin.com\/#website","url":"https:\/\/www.lamarcadeodin.com\/","name":"La Marca de Od\u00edn","description":"La saga literaria transmedia que fusiona actualidad con mitolog\u00eda n\u00f3rdica y ciencia ficci\u00f3n","publisher":{"@id":"https:\/\/www.lamarcadeodin.com\/#organization"},"potentialAction":[{"@type":"SearchAction","target":{"@type":"EntryPoint","urlTemplate":"https:\/\/www.lamarcadeodin.com\/?s={search_term_string}"},"query-input":{"@type":"PropertyValueSpecification","valueRequired":true,"valueName":"search_term_string"}}],"inLanguage":"en-US"},{"@type":"Organization","@id":"https:\/\/www.lamarcadeodin.com\/#organization","name":"La Marca de Od\u00edn","url":"https:\/\/www.lamarcadeodin.com\/","logo":{"@type":"ImageObject","inLanguage":"en-US","@id":"https:\/\/www.lamarcadeodin.com\/#\/schema\/logo\/image\/","url":"https:\/\/www.lamarcadeodin.com\/wp-content\/uploads\/cropped-logolamarcadeodinconruna400x120.jpg","contentUrl":"https:\/\/www.lamarcadeodin.com\/wp-content\/uploads\/cropped-logolamarcadeodinconruna400x120.jpg","width":400,"height":120,"caption":"La Marca de Od\u00edn"},"image":{"@id":"https:\/\/www.lamarcadeodin.com\/#\/schema\/logo\/image\/"},"sameAs":["https:\/\/www.facebook.com\/xaviverso\/","https:\/\/x.com\/ElXaviVerso","https:\/\/t.me\/xaviverso","https:\/\/www.instagram.com\/elxaviverso\/","https:\/\/whatsapp.com\/channel\/0029Va94LUA05MUfj4FmYU29","https:\/\/www.youtube.com\/@XaviVerso","https:\/\/www.tiktok.com\/@xaviverso","https:\/\/www.twitch.tv\/xaviverso"]}]}},"_links":{"self":[{"href":"https:\/\/www.lamarcadeodin.com\/en\/wp-json\/wp\/v2\/cartas-del-autor\/9153","targetHints":{"allow":["GET"]}}],"collection":[{"href":"https:\/\/www.lamarcadeodin.com\/en\/wp-json\/wp\/v2\/cartas-del-autor"}],"about":[{"href":"https:\/\/www.lamarcadeodin.com\/en\/wp-json\/wp\/v2\/types\/cartas-del-autor"}],"wp:featuredmedia":[{"embeddable":true,"href":"https:\/\/www.lamarcadeodin.com\/en\/wp-json\/wp\/v2\/media\/5252"}],"wp:attachment":[{"href":"https:\/\/www.lamarcadeodin.com\/en\/wp-json\/wp\/v2\/media?parent=9153"}],"wp:term":[{"taxonomy":"categoria-de-noticia","embeddable":true,"href":"https:\/\/www.lamarcadeodin.com\/en\/wp-json\/wp\/v2\/categoria-de-noticia?post=9153"}],"curies":[{"name":"wp","href":"https:\/\/api.w.org\/{rel}","templated":true}]}}