{"id":9845,"date":"2025-07-11T12:46:57","date_gmt":"2025-07-11T10:46:57","guid":{"rendered":"https:\/\/www.lamarcadeodin.com\/?post_type=cartas-del-autor&#038;p=9845"},"modified":"2025-07-11T12:47:25","modified_gmt":"2025-07-11T10:47:25","slug":"letter-from-the-author-93-thirteen-years-of-mark-of-odin","status":"publish","type":"cartas-del-autor","link":"https:\/\/www.lamarcadeodin.com\/en\/cartas-del-autor\/letter-from-the-author-93-thirteen-years-of-mark-of-odin\/","title":{"rendered":"Letter from the Author #93: Thirteen years of Mark of Odin"},"content":{"rendered":"<p><strong>XaviVerso<\/strong> celebrates its 13th anniversary, marking thirteen years since the official launch of the <strong>Mark of Odin<\/strong> saga. Since then, I&#8217;ve published nine books, five in Spanish and four in English (with <strong>Ragnarok<\/strong> currently in production). More than <strong>183,000 readers<\/strong> from around the world have already joined the <strong>#MarkedbyOdin<\/strong> movement, with &#8216;<strong>Mark of Odin: The Awakening<\/strong>&#8216; being the <strong>Top 1 Science Fiction book<\/strong> more than 100 times already. They&#8217;ve also been moved by the thriller &#8216;<strong>The Stone Lotus<\/strong>&#8216; or surprised and critically reflected on &#8216;<strong>Yes, They Will Pass!<\/strong>&#8216;.<\/p>\n<p><iframe title=\"Carta del Autor #93: 13 a\u00f1os de La marca de Od\u00edn y el XaviVerso\" width=\"720\" height=\"405\" src=\"https:\/\/www.youtube.com\/embed\/9YtSII-Muig?feature=oembed\" frameborder=\"0\" allow=\"accelerometer; autoplay; clipboard-write; encrypted-media; gyroscope; picture-in-picture; web-share\" referrerpolicy=\"strict-origin-when-cross-origin\" allowfullscreen><\/iframe><\/p>\n<p>This literary project, which I began shaping a whopping twenty years ago, has not only positioned itself as an innovative international reference, but it has also continued to grow. And it has done so despite being completely independent and outside the established ecosystem of major publishing houses and entertainment groups. As I&#8217;ve said on many occasions, being independent has given me great freedom, but it has also closed many doors. Despite this, it hasn&#8217;t prevented me from continuing to grow, improve, and strive for one of my greatest passions.<\/p>\n<p>Doing this alongside such good friends and collaborators, but especially alongside so many readers who have enjoyed my stories, is a dream come true. If I look back and see my evolution as a person and professional, as well as the books I&#8217;ve published and the progression in production times, I can&#8217;t help but feel dizzy. Above all, because my heart tells me that the best is yet to come.<\/p>\n<p><iframe title=\"13 a\u00f1os del XaviVerso: Timelapse\" width=\"720\" height=\"405\" src=\"https:\/\/www.youtube.com\/embed\/wADWmcfpqUY?feature=oembed\" frameborder=\"0\" allow=\"accelerometer; autoplay; clipboard-write; encrypted-media; gyroscope; picture-in-picture; web-share\" referrerpolicy=\"strict-origin-when-cross-origin\" allowfullscreen><\/iframe><\/p>\n<p>This is relevant considering that I combine this incredible project with my work in the video game industry, with the Norwegian video game studio <strong>Megapop Games<\/strong>, with which I launched <a href=\"https:\/\/store.steampowered.com\/app\/2940040\/Trolls_vs_Vikings_Reborn\/\" target=\"_blank\" rel=\"noopener\"><strong>Trolls vs Vikings: Reborn<\/strong><\/a> in March and announced our next big title for 2026: <a href=\"https:\/\/store.steampowered.com\/app\/2932150\/Life_Below\/\" target=\"_blank\" rel=\"noopener\"><strong>Life Below<\/strong><\/a>. Not only that, but since last year I&#8217;ve also been involved in growing the <a href=\"https:\/\/barbarosgroup.com\" target=\"_blank\" rel=\"noopener\"><strong>Barbaros Group<\/strong><\/a> restaurant chain, with the <a href=\"https:\/\/barbarosrestaurant.com\" target=\"_blank\" rel=\"noopener\"><strong>Barbaros restaurant<\/strong><\/a> in Hanoi, Vietnam, as the main flagship. This project is actually responsible for me spending many seasons in this Southeast Asian country that I love so much.<\/p>\n<p><iframe title=\"Life Below | Announcement Trailer\" width=\"720\" height=\"405\" src=\"https:\/\/www.youtube.com\/embed\/SbPltV8UTaE?feature=oembed\" frameborder=\"0\" allow=\"accelerometer; autoplay; clipboard-write; encrypted-media; gyroscope; picture-in-picture; web-share\" referrerpolicy=\"strict-origin-when-cross-origin\" allowfullscreen><\/iframe><\/p>\n<p>As you can see, I&#8217;m very fortunate to be able to pursue my greatest passions: books, video games, and providing the best experiences for food and drink lovers. Of course, I&#8217;m still just human, and I don&#8217;t have enough time in the day to do everything I want.<\/p>\n<h2>The saga continues to grow<\/h2>\n<p>These past few months, we&#8217;ve been publishing and sharing new extended stories in Spanish from &#8220;<strong>Mark of Odin: Ragnarok<\/strong>&#8221; as part of the &#8220;<strong>Heroes of Earth<\/strong>&#8221; series. My initial plan was to produce and publish dozens more stories throughout this year, both in the form of chronicles and focused on the characters, locations, organizations, vehicles, and technologies. I&#8217;m speaking in the past tense, as I&#8217;ve decided to change my plans in this regard to be more realistic with my capabilities and focus on what&#8217;s most important.<\/p>\n<p><img fetchpriority=\"high\" decoding=\"async\" class=\"wp-image-9839 aligncenter\" src=\"https:\/\/www.lamarcadeodin.com\/wp-content\/uploads\/2025\/07\/Mark-of-Odin-Ragnarok-Front-1500px.jpg\" alt=\"Mark of Odin: Ragnarok front cover illustration\" width=\"408\" height=\"621\" srcset=\"https:\/\/www.lamarcadeodin.com\/wp-content\/uploads\/2025\/07\/Mark-of-Odin-Ragnarok-Front-1500px.jpg 1500w, https:\/\/www.lamarcadeodin.com\/wp-content\/uploads\/2025\/07\/Mark-of-Odin-Ragnarok-Front-1500px-768x1169.jpg 768w, https:\/\/www.lamarcadeodin.com\/wp-content\/uploads\/2025\/07\/Mark-of-Odin-Ragnarok-Front-1500px-1009x1536.jpg 1009w, https:\/\/www.lamarcadeodin.com\/wp-content\/uploads\/2025\/07\/Mark-of-Odin-Ragnarok-Front-1500px-1345x2048.jpg 1345w, https:\/\/www.lamarcadeodin.com\/wp-content\/uploads\/2025\/07\/Mark-of-Odin-Ragnarok-Front-1500px-33x50.jpg 33w, https:\/\/www.lamarcadeodin.com\/wp-content\/uploads\/2025\/07\/Mark-of-Odin-Ragnarok-Front-1500px-66x100.jpg 66w\" sizes=\"(max-width: 408px) 100vw, 408px\" \/><\/p>\n<p>&nbsp;<\/p>\n<p>That&#8217;s why I&#8217;m putting these stories on hold for now. Each one requires time and resources, especially to produce the accompanying audiovisual content. That said, my goal remains to focus on the two pending bonus chapters of <strong>Ragnarok<\/strong>. As you&#8217;ve seen, we recently published the English edition of &#8216;<strong>Mark of Odin: Road to Valhalla<\/strong>.&#8217; We&#8217;re currently finalizing the translation and revision of its bonus chapters and all the extended stories in<strong> Volume 2 of the Odinpedia<\/strong>.<\/p>\n<p>So right now, the priority is to complete the translation and revision process for the English edition of &#8216;<strong>Mark of Odin: Ragnarok.<\/strong>&#8216; Why? Making the entire saga available in English is essential to increasing our presence worldwide. Translations are laborious, and their revisions are even more so, consuming much more time than I&#8217;d like. The revision of &#8216;<strong>Road to Valhalla<\/strong>&#8216; alone took over two months.<\/p>\n<p>Once completed, along with the translation of its bonus chapters and extended stories, it will be time to tackle <strong>XaviVerso<\/strong>&#8216;s next literary project.<\/p>\n<h2>In Rare Earths<\/h2>\n<p>Initially, my plans included starting production on the fourth book in the \u2018<strong>Mark of Odin<\/strong>\u2019 saga sometime this year. Reality and current events dictate, and after several months of consideration, I&#8217;ve decided to delay this book in order to move forward with what was going to be the next one I wanted to write and publish, to 2026-2027. This is nothing less than a new action thriller set in the Second Line of the XaviVerse and which will continue the plots of \u2018<strong>The Stone Lotus<\/strong>\u2019 and \u2018<strong>Yes, They Shall Pass<\/strong>\u2019. I&#8217;m talking about\u2026 \u2018<strong>In Rare Earths<\/strong>\u2019; that&#8217;s its title, which may already give you some clue as to its plot.<\/p>\n<p><img decoding=\"async\" class=\"alignnone size-full wp-image-9841\" src=\"https:\/\/www.lamarcadeodin.com\/wp-content\/uploads\/2025\/07\/Teaser-En-tierras-raras-01.jpg\" alt=\"Ilustraci\u00f3n de revelaci\u00f3n del thriller de acci\u00f3n En tierras raras, libro de Xavier Marc\u00e9.\" width=\"1920\" height=\"1080\" srcset=\"https:\/\/www.lamarcadeodin.com\/wp-content\/uploads\/2025\/07\/Teaser-En-tierras-raras-01.jpg 1920w, https:\/\/www.lamarcadeodin.com\/wp-content\/uploads\/2025\/07\/Teaser-En-tierras-raras-01-768x432.jpg 768w, https:\/\/www.lamarcadeodin.com\/wp-content\/uploads\/2025\/07\/Teaser-En-tierras-raras-01-1536x864.jpg 1536w, https:\/\/www.lamarcadeodin.com\/wp-content\/uploads\/2025\/07\/Teaser-En-tierras-raras-01-50x28.jpg 50w, https:\/\/www.lamarcadeodin.com\/wp-content\/uploads\/2025\/07\/Teaser-En-tierras-raras-01-100x56.jpg 100w\" sizes=\"100vw\" \/><\/p>\n<p>&nbsp;<\/p>\n<p>Yes, you read that right. I&#8217;m very excited to confirm that you&#8217;re going to see the return of the fierce intelligence agent, Carla Romero, facing a conspiracy of unimaginable proportions. This story began to germinate in my mind from the very moment I began writing &#8216;<a href=\"https:\/\/xaviverso.com\/en\/the-stone-lotus\/\"><strong>The Stone Lotus<\/strong><\/a>&#8216;. And, as with certain elements of that novel, such as, above all, the plot of &#8216;<a href=\"https:\/\/xaviverso.com\/en\/yes-they-will-pass\/\"><strong>Yes, They Will Pass!<\/strong><\/a>&#8216; the thin line between fiction and reality is becoming increasingly fragile.<\/p>\n<p>And that explains why I brought forward this project. What&#8217;s happening in the world today, with so many national and international conflicts, makes me suspect that the plot I imagined is increasingly likely to become reality. That&#8217;s why it&#8217;s important for me to be able to publish this story before that happens, as I want to continue being a fiction author. Readers have already criticized &#8216;<strong>Yes, They Will Pass!<\/strong>&#8216; claiming that it was &#8220;a copy of what&#8217;s happening now.&#8221; Although, of course, these reviews omit the small, important detail that the novel was published more than two years ago\u2026<\/p>\n<p>I&#8217;d like to be able to offer you a roadmap for the publication of this novel and the bonus chapters of <strong>Ragnarok<\/strong>. Honestly, the only thing I can do at this point is convey my desire to try to get them out as soon as possible. As I&#8217;ve told you, I&#8217;m currently working on several professional fronts, in addition to being subject to several personal constraints, which require me to be traveling from one side of the planet to the other every few months. This makes it difficult for me to have the stability and peace of mind necessary to move forward as I would like and write at a good pace. I promise I&#8217;ll give my all, as always!<\/p>\n<h2>Here&#8217;s to the 14th anniversary<\/h2>\n<p>Whatever the case, I feel very fortunate for everything I&#8217;ve been able to create and the impact it&#8217;s had on my life, as well as on the lives of so many people around the world who have ended up reading my stories. I hope we can continue to grow, reach more readers, and continue writing to share new ones. That&#8217;s my biggest dream: to be able to gather an even bigger team and be able to create stories nonstop so they can spread in every possible format.<\/p>\n<p>Don&#8217;t forget you can join our <a href=\"https:\/\/discord.gg\/mDeJjSg\" target=\"_blank\" rel=\"noopener\"><strong>Discord<\/strong><\/a> community, our <a href=\"https:\/\/t.me\/xaviverso\" target=\"_blank\" rel=\"noopener\"><strong>Telegram<\/strong><\/a>&nbsp;channel, and also add us to your <a href=\"https:\/\/whatsapp.com\/channel\/0029Va94LUA05MUfj4FmYU29\" target=\"_blank\" rel=\"noopener\"><strong>WhatsApp<\/strong> <\/a>contact list (hit us up at +34 671 48 96 90). And, of course, share your thoughts on the books. Not only in the Reviews section, but also on external platforms like Amazon, Google Play, Apple, Kobo, Lektu, and Goodreads. Having good ratings and reviews there helps us greatly attract new readers.<\/p>\n<p>Remember, <em>everything is connected<\/em>.<\/p>\n<p><strong>Xavier Marc\u00e9<\/strong><\/p>\n","protected":false},"featured_media":9837,"template":"","meta":{"_acf_changed":false,"_bbp_topic_count":0,"_bbp_reply_count":0,"_bbp_total_topic_count":0,"_bbp_total_reply_count":0,"_bbp_voice_count":0,"_bbp_anonymous_reply_count":0,"_bbp_topic_count_hidden":0,"_bbp_reply_count_hidden":0,"_bbp_forum_subforum_count":0,"ngg_post_thumbnail":0,"_glsr_average":0,"_glsr_ranking":0,"_glsr_reviews":0},"categoria-de-noticia":[],"class_list":["post-9845","cartas-del-autor","type-cartas-del-autor","status-publish","has-post-thumbnail","hentry"],"acf":[],"yoast_head":"<!-- This site is optimized with the Yoast SEO plugin v26.9 - https:\/\/yoast.com\/product\/yoast-seo-wordpress\/ -->\n<title>Letter from the Author #93: Thirteen years of Mark of Odin - La Marca de Od\u00edn<\/title>\n<meta name=\"description\" content=\"XaviVerso celebrates its 13th anniversary, marking thirteen years since the official launch of the Mark of Odin saga.\" \/>\n<meta name=\"robots\" content=\"index, follow, max-snippet:-1, max-image-preview:large, max-video-preview:-1\" \/>\n<link rel=\"canonical\" href=\"https:\/\/www.lamarcadeodin.com\/en\/cartas-del-autor\/letter-from-the-author-93-thirteen-years-of-mark-of-odin\/\" \/>\n<meta property=\"og:locale\" content=\"en_US\" \/>\n<meta property=\"og:type\" content=\"article\" \/>\n<meta property=\"og:title\" content=\"Letter from the Author #93: Thirteen years of Mark of Odin - La Marca de Od\u00edn\" \/>\n<meta property=\"og:description\" content=\"XaviVerso celebrates its 13th anniversary, marking thirteen years since the official launch of the Mark of Odin saga.\" \/>\n<meta property=\"og:url\" content=\"https:\/\/www.lamarcadeodin.com\/en\/cartas-del-autor\/letter-from-the-author-93-thirteen-years-of-mark-of-odin\/\" \/>\n<meta property=\"og:site_name\" content=\"La Marca de Od\u00edn\" \/>\n<meta property=\"article:publisher\" content=\"https:\/\/www.facebook.com\/xaviverso\/\" \/>\n<meta property=\"article:modified_time\" content=\"2025-07-11T10:47:25+00:00\" \/>\n<meta property=\"og:image\" content=\"https:\/\/www.lamarcadeodin.com\/wp-content\/uploads\/2025\/07\/13-aniversario-xaviverso-banner-rectangular.jpg\" \/>\n\t<meta property=\"og:image:width\" content=\"1920\" \/>\n\t<meta property=\"og:image:height\" content=\"1080\" \/>\n\t<meta property=\"og:image:type\" content=\"image\/jpeg\" \/>\n<meta name=\"twitter:card\" content=\"summary_large_image\" \/>\n<meta name=\"twitter:site\" content=\"@ElXaviVerso\" \/>\n<meta name=\"twitter:label1\" content=\"Est. reading time\" \/>\n\t<meta name=\"twitter:data1\" content=\"7 minutes\" \/>\n<script type=\"application\/ld+json\" class=\"yoast-schema-graph\">{\"@context\":\"https:\/\/schema.org\",\"@graph\":[{\"@type\":\"WebPage\",\"@id\":\"https:\/\/www.lamarcadeodin.com\/en\/cartas-del-autor\/letter-from-the-author-93-thirteen-years-of-mark-of-odin\/\",\"url\":\"https:\/\/www.lamarcadeodin.com\/en\/cartas-del-autor\/letter-from-the-author-93-thirteen-years-of-mark-of-odin\/\",\"name\":\"Letter from the Author #93: Thirteen years of Mark of Odin - La Marca de Od\u00edn\",\"isPartOf\":{\"@id\":\"https:\/\/www.lamarcadeodin.com\/#website\"},\"primaryImageOfPage\":{\"@id\":\"https:\/\/www.lamarcadeodin.com\/en\/cartas-del-autor\/letter-from-the-author-93-thirteen-years-of-mark-of-odin\/#primaryimage\"},\"image\":{\"@id\":\"https:\/\/www.lamarcadeodin.com\/en\/cartas-del-autor\/letter-from-the-author-93-thirteen-years-of-mark-of-odin\/#primaryimage\"},\"thumbnailUrl\":\"https:\/\/www.lamarcadeodin.com\/wp-content\/uploads\/2025\/07\/13-aniversario-xaviverso-banner-rectangular.jpg\",\"datePublished\":\"2025-07-11T10:46:57+00:00\",\"dateModified\":\"2025-07-11T10:47:25+00:00\",\"description\":\"XaviVerso celebrates its 13th anniversary, marking thirteen years since the official launch of the Mark of Odin saga.\",\"breadcrumb\":{\"@id\":\"https:\/\/www.lamarcadeodin.com\/en\/cartas-del-autor\/letter-from-the-author-93-thirteen-years-of-mark-of-odin\/#breadcrumb\"},\"inLanguage\":\"en-US\",\"potentialAction\":[{\"@type\":\"ReadAction\",\"target\":[\"https:\/\/www.lamarcadeodin.com\/en\/cartas-del-autor\/letter-from-the-author-93-thirteen-years-of-mark-of-odin\/\"]}]},{\"@type\":\"ImageObject\",\"inLanguage\":\"en-US\",\"@id\":\"https:\/\/www.lamarcadeodin.com\/en\/cartas-del-autor\/letter-from-the-author-93-thirteen-years-of-mark-of-odin\/#primaryimage\",\"url\":\"https:\/\/www.lamarcadeodin.com\/wp-content\/uploads\/2025\/07\/13-aniversario-xaviverso-banner-rectangular.jpg\",\"contentUrl\":\"https:\/\/www.lamarcadeodin.com\/wp-content\/uploads\/2025\/07\/13-aniversario-xaviverso-banner-rectangular.jpg\",\"width\":1920,\"height\":1080,\"caption\":\"13 aniversario de la saga de libros de La marca de Od\u00edn\"},{\"@type\":\"BreadcrumbList\",\"@id\":\"https:\/\/www.lamarcadeodin.com\/en\/cartas-del-autor\/letter-from-the-author-93-thirteen-years-of-mark-of-odin\/#breadcrumb\",\"itemListElement\":[{\"@type\":\"ListItem\",\"position\":1,\"name\":\"Portada\",\"item\":\"https:\/\/www.lamarcadeodin.com\/en\/\"},{\"@type\":\"ListItem\",\"position\":2,\"name\":\"Letter from the Author #93: Thirteen years of Mark of Odin\"}]},{\"@type\":\"WebSite\",\"@id\":\"https:\/\/www.lamarcadeodin.com\/#website\",\"url\":\"https:\/\/www.lamarcadeodin.com\/\",\"name\":\"La Marca de Od\u00edn\",\"description\":\"La saga literaria transmedia que fusiona actualidad con mitolog\u00eda n\u00f3rdica y ciencia ficci\u00f3n\",\"publisher\":{\"@id\":\"https:\/\/www.lamarcadeodin.com\/#organization\"},\"potentialAction\":[{\"@type\":\"SearchAction\",\"target\":{\"@type\":\"EntryPoint\",\"urlTemplate\":\"https:\/\/www.lamarcadeodin.com\/?s={search_term_string}\"},\"query-input\":{\"@type\":\"PropertyValueSpecification\",\"valueRequired\":true,\"valueName\":\"search_term_string\"}}],\"inLanguage\":\"en-US\"},{\"@type\":\"Organization\",\"@id\":\"https:\/\/www.lamarcadeodin.com\/#organization\",\"name\":\"La Marca de Od\u00edn\",\"url\":\"https:\/\/www.lamarcadeodin.com\/\",\"logo\":{\"@type\":\"ImageObject\",\"inLanguage\":\"en-US\",\"@id\":\"https:\/\/www.lamarcadeodin.com\/#\/schema\/logo\/image\/\",\"url\":\"https:\/\/www.lamarcadeodin.com\/wp-content\/uploads\/cropped-logolamarcadeodinconruna400x120.jpg\",\"contentUrl\":\"https:\/\/www.lamarcadeodin.com\/wp-content\/uploads\/cropped-logolamarcadeodinconruna400x120.jpg\",\"width\":400,\"height\":120,\"caption\":\"La Marca de Od\u00edn\"},\"image\":{\"@id\":\"https:\/\/www.lamarcadeodin.com\/#\/schema\/logo\/image\/\"},\"sameAs\":[\"https:\/\/www.facebook.com\/xaviverso\/\",\"https:\/\/x.com\/ElXaviVerso\",\"https:\/\/t.me\/xaviverso\",\"https:\/\/www.instagram.com\/elxaviverso\/\",\"https:\/\/whatsapp.com\/channel\/0029Va94LUA05MUfj4FmYU29\",\"https:\/\/www.youtube.com\/@XaviVerso\",\"https:\/\/www.tiktok.com\/@xaviverso\",\"https:\/\/www.twitch.tv\/xaviverso\"]}]}<\/script>\n<!-- \/ Yoast SEO plugin. -->","yoast_head_json":{"title":"Letter from the Author #93: Thirteen years of Mark of Odin - La Marca de Od\u00edn","description":"XaviVerso celebrates its 13th anniversary, marking thirteen years since the official launch of the Mark of Odin saga.","robots":{"index":"index","follow":"follow","max-snippet":"max-snippet:-1","max-image-preview":"max-image-preview:large","max-video-preview":"max-video-preview:-1"},"canonical":"https:\/\/www.lamarcadeodin.com\/en\/cartas-del-autor\/letter-from-the-author-93-thirteen-years-of-mark-of-odin\/","og_locale":"en_US","og_type":"article","og_title":"Letter from the Author #93: Thirteen years of Mark of Odin - La Marca de Od\u00edn","og_description":"XaviVerso celebrates its 13th anniversary, marking thirteen years since the official launch of the Mark of Odin saga.","og_url":"https:\/\/www.lamarcadeodin.com\/en\/cartas-del-autor\/letter-from-the-author-93-thirteen-years-of-mark-of-odin\/","og_site_name":"La Marca de Od\u00edn","article_publisher":"https:\/\/www.facebook.com\/xaviverso\/","article_modified_time":"2025-07-11T10:47:25+00:00","og_image":[{"width":1920,"height":1080,"url":"https:\/\/www.lamarcadeodin.com\/wp-content\/uploads\/2025\/07\/13-aniversario-xaviverso-banner-rectangular.jpg","type":"image\/jpeg"}],"twitter_card":"summary_large_image","twitter_site":"@ElXaviVerso","twitter_misc":{"Est. reading time":"7 minutes"},"schema":{"@context":"https:\/\/schema.org","@graph":[{"@type":"WebPage","@id":"https:\/\/www.lamarcadeodin.com\/en\/cartas-del-autor\/letter-from-the-author-93-thirteen-years-of-mark-of-odin\/","url":"https:\/\/www.lamarcadeodin.com\/en\/cartas-del-autor\/letter-from-the-author-93-thirteen-years-of-mark-of-odin\/","name":"Letter from the Author #93: Thirteen years of Mark of Odin - La Marca de Od\u00edn","isPartOf":{"@id":"https:\/\/www.lamarcadeodin.com\/#website"},"primaryImageOfPage":{"@id":"https:\/\/www.lamarcadeodin.com\/en\/cartas-del-autor\/letter-from-the-author-93-thirteen-years-of-mark-of-odin\/#primaryimage"},"image":{"@id":"https:\/\/www.lamarcadeodin.com\/en\/cartas-del-autor\/letter-from-the-author-93-thirteen-years-of-mark-of-odin\/#primaryimage"},"thumbnailUrl":"https:\/\/www.lamarcadeodin.com\/wp-content\/uploads\/2025\/07\/13-aniversario-xaviverso-banner-rectangular.jpg","datePublished":"2025-07-11T10:46:57+00:00","dateModified":"2025-07-11T10:47:25+00:00","description":"XaviVerso celebrates its 13th anniversary, marking thirteen years since the official launch of the Mark of Odin saga.","breadcrumb":{"@id":"https:\/\/www.lamarcadeodin.com\/en\/cartas-del-autor\/letter-from-the-author-93-thirteen-years-of-mark-of-odin\/#breadcrumb"},"inLanguage":"en-US","potentialAction":[{"@type":"ReadAction","target":["https:\/\/www.lamarcadeodin.com\/en\/cartas-del-autor\/letter-from-the-author-93-thirteen-years-of-mark-of-odin\/"]}]},{"@type":"ImageObject","inLanguage":"en-US","@id":"https:\/\/www.lamarcadeodin.com\/en\/cartas-del-autor\/letter-from-the-author-93-thirteen-years-of-mark-of-odin\/#primaryimage","url":"https:\/\/www.lamarcadeodin.com\/wp-content\/uploads\/2025\/07\/13-aniversario-xaviverso-banner-rectangular.jpg","contentUrl":"https:\/\/www.lamarcadeodin.com\/wp-content\/uploads\/2025\/07\/13-aniversario-xaviverso-banner-rectangular.jpg","width":1920,"height":1080,"caption":"13 aniversario de la saga de libros de La marca de Od\u00edn"},{"@type":"BreadcrumbList","@id":"https:\/\/www.lamarcadeodin.com\/en\/cartas-del-autor\/letter-from-the-author-93-thirteen-years-of-mark-of-odin\/#breadcrumb","itemListElement":[{"@type":"ListItem","position":1,"name":"Portada","item":"https:\/\/www.lamarcadeodin.com\/en\/"},{"@type":"ListItem","position":2,"name":"Letter from the Author #93: Thirteen years of Mark of Odin"}]},{"@type":"WebSite","@id":"https:\/\/www.lamarcadeodin.com\/#website","url":"https:\/\/www.lamarcadeodin.com\/","name":"La Marca de Od\u00edn","description":"La saga literaria transmedia que fusiona actualidad con mitolog\u00eda n\u00f3rdica y ciencia ficci\u00f3n","publisher":{"@id":"https:\/\/www.lamarcadeodin.com\/#organization"},"potentialAction":[{"@type":"SearchAction","target":{"@type":"EntryPoint","urlTemplate":"https:\/\/www.lamarcadeodin.com\/?s={search_term_string}"},"query-input":{"@type":"PropertyValueSpecification","valueRequired":true,"valueName":"search_term_string"}}],"inLanguage":"en-US"},{"@type":"Organization","@id":"https:\/\/www.lamarcadeodin.com\/#organization","name":"La Marca de Od\u00edn","url":"https:\/\/www.lamarcadeodin.com\/","logo":{"@type":"ImageObject","inLanguage":"en-US","@id":"https:\/\/www.lamarcadeodin.com\/#\/schema\/logo\/image\/","url":"https:\/\/www.lamarcadeodin.com\/wp-content\/uploads\/cropped-logolamarcadeodinconruna400x120.jpg","contentUrl":"https:\/\/www.lamarcadeodin.com\/wp-content\/uploads\/cropped-logolamarcadeodinconruna400x120.jpg","width":400,"height":120,"caption":"La Marca de Od\u00edn"},"image":{"@id":"https:\/\/www.lamarcadeodin.com\/#\/schema\/logo\/image\/"},"sameAs":["https:\/\/www.facebook.com\/xaviverso\/","https:\/\/x.com\/ElXaviVerso","https:\/\/t.me\/xaviverso","https:\/\/www.instagram.com\/elxaviverso\/","https:\/\/whatsapp.com\/channel\/0029Va94LUA05MUfj4FmYU29","https:\/\/www.youtube.com\/@XaviVerso","https:\/\/www.tiktok.com\/@xaviverso","https:\/\/www.twitch.tv\/xaviverso"]}]}},"_links":{"self":[{"href":"https:\/\/www.lamarcadeodin.com\/en\/wp-json\/wp\/v2\/cartas-del-autor\/9845","targetHints":{"allow":["GET"]}}],"collection":[{"href":"https:\/\/www.lamarcadeodin.com\/en\/wp-json\/wp\/v2\/cartas-del-autor"}],"about":[{"href":"https:\/\/www.lamarcadeodin.com\/en\/wp-json\/wp\/v2\/types\/cartas-del-autor"}],"wp:featuredmedia":[{"embeddable":true,"href":"https:\/\/www.lamarcadeodin.com\/en\/wp-json\/wp\/v2\/media\/9837"}],"wp:attachment":[{"href":"https:\/\/www.lamarcadeodin.com\/en\/wp-json\/wp\/v2\/media?parent=9845"}],"wp:term":[{"taxonomy":"categoria-de-noticia","embeddable":true,"href":"https:\/\/www.lamarcadeodin.com\/en\/wp-json\/wp\/v2\/categoria-de-noticia?post=9845"}],"curies":[{"name":"wp","href":"https:\/\/api.w.org\/{rel}","templated":true}]}}