{"id":8780,"date":"2012-08-03T12:23:13","date_gmt":"2012-08-03T10:23:13","guid":{"rendered":"https:\/\/www.lamarcadeodin.com\/?post_type=tras-la-marcade-odin&#038;p=8780"},"modified":"2024-04-30T05:43:14","modified_gmt":"2024-04-30T03:43:14","slug":"behind-the-mark-of-odin-01-the-art-of-kira-takeda","status":"publish","type":"tras-la-marcade-odin","link":"https:\/\/www.lamarcadeodin.com\/en\/tras-la-marcade-odin\/behind-the-mark-of-odin-01-the-art-of-kira-takeda\/","title":{"rendered":"Behind the Mark of Odin #01: The Art of Kira Takeda"},"content":{"rendered":"<p>Today we begin the series of After the Mark of Odin articles with which you can learn about the professionals behind this project, the process of developing its contents, whether history, conceptual arts, illustrations, musical themes or videos. We want to bring you closer to the creative process of everything related to the saga of &#8216;The Mark of Odin&#8217;. We begin with the explanation of the creative process that was followed to create the conceptual art and avatar of the character of Kira Takeda with the help of Manu Nieto, the interim illustrator of &#8216;The Mark of Odin&#8217;.<\/p>\n<p>Next, Manu Nieto explains to us the references that he received from the author about how he wanted Kira Takeda to be visually and what his approach was to this important character in the saga.<\/p>\n<figure id=\"attachment_8778\" aria-describedby=\"caption-attachment-8778\" style=\"width: 300px\" class=\"wp-caption aligncenter\"><img fetchpriority=\"high\" decoding=\"async\" class=\"size-full wp-image-8778\" src=\"https:\/\/www.lamarcadeodin.com\/wp-content\/uploads\/2012\/08\/karl-Yune.webp\" alt=\"Karl Yune\" width=\"300\" height=\"400\" srcset=\"https:\/\/www.lamarcadeodin.com\/wp-content\/uploads\/2012\/08\/karl-Yune.webp 300w, https:\/\/www.lamarcadeodin.com\/wp-content\/uploads\/2012\/08\/karl-Yune-38x50.webp 38w, https:\/\/www.lamarcadeodin.com\/wp-content\/uploads\/2012\/08\/karl-Yune-75x100.webp 75w\" sizes=\"(max-width: 300px) 100vw, 300px\" \/><figcaption id=\"caption-attachment-8778\" class=\"wp-caption-text\">Karl Yune<\/figcaption><\/figure>\n<div class=\"kmsgbody\">\n<blockquote><p><em>The notes I received to illustrate Kira were that he was clearly inspired by the character of Kira Yamato, from the anime Gundam Seed. From him he not only takes his name but also several key aspects of the character, so in the appearance I also wanted to maintain the tribute. Obviously adapted to the artistic direction we had agreed for the entire Odinpedia.<\/em><\/p>\n<p><em>For this, I used, as for almost all the characters in Odinpedia, reference photographs of real people. Among them were photographs of Hiroyuki Sanada or Daniel Dae Kim (both actors seen in the Lost series), but as long as one is too old, the another has Korean features, not Japanese. The revelation came from watching the movie Pure Steel in which the young actor Karl Yune appears. And I saw it clearly.<\/em><\/p>\n<p><em>There he is, there is Kira Takeda&#8230; -I said to myself.<\/em><\/p>\n<p><em>Of course, the illustrations then evolve on their own path, because at the end of the day, a character is not intended to have the face of an actor (that must be decided by the reader), but rather to be an inspiration to build a character with its own entity. In any case, this is how the pencil sketch turned out:<\/em><\/p><\/blockquote>\n<p><img decoding=\"async\" class=\"size-full wp-image-8776 aligncenter\" src=\"https:\/\/www.lamarcadeodin.com\/wp-content\/uploads\/2012\/08\/Character-Kira-Takeda-web.jpg\" alt=\"Kira Takeda\" width=\"800\" height=\"1603\" srcset=\"https:\/\/www.lamarcadeodin.com\/wp-content\/uploads\/2012\/08\/Character-Kira-Takeda-web.jpg 800w, https:\/\/www.lamarcadeodin.com\/wp-content\/uploads\/2012\/08\/Character-Kira-Takeda-web-768x1539.jpg 768w, https:\/\/www.lamarcadeodin.com\/wp-content\/uploads\/2012\/08\/Character-Kira-Takeda-web-767x1536.jpg 767w, https:\/\/www.lamarcadeodin.com\/wp-content\/uploads\/2012\/08\/Character-Kira-Takeda-web-25x50.jpg 25w, https:\/\/www.lamarcadeodin.com\/wp-content\/uploads\/2012\/08\/Character-Kira-Takeda-web-50x100.jpg 50w\" sizes=\"100vw\" \/><\/p>\n<div class=\"kmsgtext\">\n<p>&nbsp;<\/p>\n<blockquote><p><em>Still, before this final version there was another proposal for the character. In it he presented him with a more military haircut and a more adult appearance. Obviously, the author liked the first one better.<\/em><\/p><\/blockquote>\n<div class=\"kmsgimage\">\n<p>&nbsp;<\/p>\n<\/div>\n<\/div>\n<\/div>\n","protected":false},"featured_media":4890,"template":"","meta":{"_acf_changed":false,"_bbp_topic_count":0,"_bbp_reply_count":0,"_bbp_total_topic_count":0,"_bbp_total_reply_count":0,"_bbp_voice_count":0,"_bbp_anonymous_reply_count":0,"_bbp_topic_count_hidden":0,"_bbp_reply_count_hidden":0,"_bbp_forum_subforum_count":0,"ngg_post_thumbnail":0,"_glsr_average":0,"_glsr_ranking":0,"_glsr_reviews":0},"categoria-de-noticia":[72,73],"class_list":["post-8780","tras-la-marcade-odin","type-tras-la-marcade-odin","status-publish","has-post-thumbnail","hentry","categoria-de-noticia-noticias","categoria-de-noticia-tras-la-marca-de-odin"],"acf":[],"yoast_head":"<!-- This site is optimized with the Yoast SEO plugin v26.9 - https:\/\/yoast.com\/product\/yoast-seo-wordpress\/ -->\n<title>Behind the Mark of Odin #01: The Art of Kira Takeda - La Marca de Od\u00edn<\/title>\n<meta name=\"description\" content=\"Behind the Mark of Odin #01: The Art of Kira Takeda making of artcile for Mark of Odin saga.\" \/>\n<meta name=\"robots\" content=\"index, follow, max-snippet:-1, max-image-preview:large, max-video-preview:-1\" \/>\n<link rel=\"canonical\" href=\"https:\/\/www.lamarcadeodin.com\/en\/tras-la-marcade-odin\/behind-the-mark-of-odin-01-the-art-of-kira-takeda\/\" \/>\n<meta property=\"og:locale\" content=\"en_US\" \/>\n<meta property=\"og:type\" content=\"article\" \/>\n<meta property=\"og:title\" content=\"Behind the Mark of Odin #01: The Art of Kira Takeda - La Marca de Od\u00edn\" \/>\n<meta property=\"og:description\" content=\"Behind the Mark of Odin #01: The Art of Kira Takeda making of artcile for Mark of Odin saga.\" \/>\n<meta property=\"og:url\" content=\"https:\/\/www.lamarcadeodin.com\/en\/tras-la-marcade-odin\/behind-the-mark-of-odin-01-the-art-of-kira-takeda\/\" \/>\n<meta property=\"og:site_name\" content=\"La Marca de Od\u00edn\" \/>\n<meta property=\"article:publisher\" content=\"https:\/\/www.facebook.com\/xaviverso\/\" \/>\n<meta property=\"article:modified_time\" content=\"2024-04-30T03:43:14+00:00\" \/>\n<meta property=\"og:image\" content=\"https:\/\/www.lamarcadeodin.com\/wp-content\/uploads\/kira-takeda-volumen-0.png\" \/>\n\t<meta property=\"og:image:width\" content=\"478\" \/>\n\t<meta property=\"og:image:height\" content=\"486\" \/>\n\t<meta property=\"og:image:type\" content=\"image\/png\" \/>\n<meta name=\"twitter:card\" content=\"summary_large_image\" \/>\n<meta name=\"twitter:site\" content=\"@ElXaviVerso\" \/>\n<meta name=\"twitter:label1\" content=\"Est. reading time\" \/>\n\t<meta name=\"twitter:data1\" content=\"2 minutes\" \/>\n<script type=\"application\/ld+json\" class=\"yoast-schema-graph\">{\"@context\":\"https:\/\/schema.org\",\"@graph\":[{\"@type\":\"WebPage\",\"@id\":\"https:\/\/www.lamarcadeodin.com\/en\/tras-la-marcade-odin\/behind-the-mark-of-odin-01-the-art-of-kira-takeda\/\",\"url\":\"https:\/\/www.lamarcadeodin.com\/en\/tras-la-marcade-odin\/behind-the-mark-of-odin-01-the-art-of-kira-takeda\/\",\"name\":\"Behind the Mark of Odin #01: The Art of Kira Takeda - La Marca de Od\u00edn\",\"isPartOf\":{\"@id\":\"https:\/\/www.lamarcadeodin.com\/#website\"},\"primaryImageOfPage\":{\"@id\":\"https:\/\/www.lamarcadeodin.com\/en\/tras-la-marcade-odin\/behind-the-mark-of-odin-01-the-art-of-kira-takeda\/#primaryimage\"},\"image\":{\"@id\":\"https:\/\/www.lamarcadeodin.com\/en\/tras-la-marcade-odin\/behind-the-mark-of-odin-01-the-art-of-kira-takeda\/#primaryimage\"},\"thumbnailUrl\":\"https:\/\/www.lamarcadeodin.com\/wp-content\/uploads\/kira-takeda-volumen-0.png\",\"datePublished\":\"2012-08-03T10:23:13+00:00\",\"dateModified\":\"2024-04-30T03:43:14+00:00\",\"description\":\"Behind the Mark of Odin #01: The Art of Kira Takeda making of artcile for Mark of Odin saga.\",\"breadcrumb\":{\"@id\":\"https:\/\/www.lamarcadeodin.com\/en\/tras-la-marcade-odin\/behind-the-mark-of-odin-01-the-art-of-kira-takeda\/#breadcrumb\"},\"inLanguage\":\"en-US\",\"potentialAction\":[{\"@type\":\"ReadAction\",\"target\":[\"https:\/\/www.lamarcadeodin.com\/en\/tras-la-marcade-odin\/behind-the-mark-of-odin-01-the-art-of-kira-takeda\/\"]}]},{\"@type\":\"ImageObject\",\"inLanguage\":\"en-US\",\"@id\":\"https:\/\/www.lamarcadeodin.com\/en\/tras-la-marcade-odin\/behind-the-mark-of-odin-01-the-art-of-kira-takeda\/#primaryimage\",\"url\":\"https:\/\/www.lamarcadeodin.com\/wp-content\/uploads\/kira-takeda-volumen-0.png\",\"contentUrl\":\"https:\/\/www.lamarcadeodin.com\/wp-content\/uploads\/kira-takeda-volumen-0.png\",\"width\":478,\"height\":486},{\"@type\":\"BreadcrumbList\",\"@id\":\"https:\/\/www.lamarcadeodin.com\/en\/tras-la-marcade-odin\/behind-the-mark-of-odin-01-the-art-of-kira-takeda\/#breadcrumb\",\"itemListElement\":[{\"@type\":\"ListItem\",\"position\":1,\"name\":\"Portada\",\"item\":\"https:\/\/www.lamarcadeodin.com\/en\/\"},{\"@type\":\"ListItem\",\"position\":2,\"name\":\"Behind the Mark of Odin #01: The Art of Kira Takeda\"}]},{\"@type\":\"WebSite\",\"@id\":\"https:\/\/www.lamarcadeodin.com\/#website\",\"url\":\"https:\/\/www.lamarcadeodin.com\/\",\"name\":\"La Marca de Od\u00edn\",\"description\":\"La saga literaria transmedia que fusiona actualidad con mitolog\u00eda n\u00f3rdica y ciencia ficci\u00f3n\",\"publisher\":{\"@id\":\"https:\/\/www.lamarcadeodin.com\/#organization\"},\"potentialAction\":[{\"@type\":\"SearchAction\",\"target\":{\"@type\":\"EntryPoint\",\"urlTemplate\":\"https:\/\/www.lamarcadeodin.com\/?s={search_term_string}\"},\"query-input\":{\"@type\":\"PropertyValueSpecification\",\"valueRequired\":true,\"valueName\":\"search_term_string\"}}],\"inLanguage\":\"en-US\"},{\"@type\":\"Organization\",\"@id\":\"https:\/\/www.lamarcadeodin.com\/#organization\",\"name\":\"La Marca de Od\u00edn\",\"url\":\"https:\/\/www.lamarcadeodin.com\/\",\"logo\":{\"@type\":\"ImageObject\",\"inLanguage\":\"en-US\",\"@id\":\"https:\/\/www.lamarcadeodin.com\/#\/schema\/logo\/image\/\",\"url\":\"https:\/\/www.lamarcadeodin.com\/wp-content\/uploads\/cropped-logolamarcadeodinconruna400x120.jpg\",\"contentUrl\":\"https:\/\/www.lamarcadeodin.com\/wp-content\/uploads\/cropped-logolamarcadeodinconruna400x120.jpg\",\"width\":400,\"height\":120,\"caption\":\"La Marca de Od\u00edn\"},\"image\":{\"@id\":\"https:\/\/www.lamarcadeodin.com\/#\/schema\/logo\/image\/\"},\"sameAs\":[\"https:\/\/www.facebook.com\/xaviverso\/\",\"https:\/\/x.com\/ElXaviVerso\",\"https:\/\/t.me\/xaviverso\",\"https:\/\/www.instagram.com\/elxaviverso\/\",\"https:\/\/whatsapp.com\/channel\/0029Va94LUA05MUfj4FmYU29\",\"https:\/\/www.youtube.com\/@XaviVerso\",\"https:\/\/www.tiktok.com\/@xaviverso\",\"https:\/\/www.twitch.tv\/xaviverso\"]}]}<\/script>\n<!-- \/ Yoast SEO plugin. -->","yoast_head_json":{"title":"Behind the Mark of Odin #01: The Art of Kira Takeda - La Marca de Od\u00edn","description":"Behind the Mark of Odin #01: The Art of Kira Takeda making of artcile for Mark of Odin saga.","robots":{"index":"index","follow":"follow","max-snippet":"max-snippet:-1","max-image-preview":"max-image-preview:large","max-video-preview":"max-video-preview:-1"},"canonical":"https:\/\/www.lamarcadeodin.com\/en\/tras-la-marcade-odin\/behind-the-mark-of-odin-01-the-art-of-kira-takeda\/","og_locale":"en_US","og_type":"article","og_title":"Behind the Mark of Odin #01: The Art of Kira Takeda - La Marca de Od\u00edn","og_description":"Behind the Mark of Odin #01: The Art of Kira Takeda making of artcile for Mark of Odin saga.","og_url":"https:\/\/www.lamarcadeodin.com\/en\/tras-la-marcade-odin\/behind-the-mark-of-odin-01-the-art-of-kira-takeda\/","og_site_name":"La Marca de Od\u00edn","article_publisher":"https:\/\/www.facebook.com\/xaviverso\/","article_modified_time":"2024-04-30T03:43:14+00:00","og_image":[{"width":478,"height":486,"url":"https:\/\/www.lamarcadeodin.com\/wp-content\/uploads\/kira-takeda-volumen-0.png","type":"image\/png"}],"twitter_card":"summary_large_image","twitter_site":"@ElXaviVerso","twitter_misc":{"Est. reading time":"2 minutes"},"schema":{"@context":"https:\/\/schema.org","@graph":[{"@type":"WebPage","@id":"https:\/\/www.lamarcadeodin.com\/en\/tras-la-marcade-odin\/behind-the-mark-of-odin-01-the-art-of-kira-takeda\/","url":"https:\/\/www.lamarcadeodin.com\/en\/tras-la-marcade-odin\/behind-the-mark-of-odin-01-the-art-of-kira-takeda\/","name":"Behind the Mark of Odin #01: The Art of Kira Takeda - La Marca de Od\u00edn","isPartOf":{"@id":"https:\/\/www.lamarcadeodin.com\/#website"},"primaryImageOfPage":{"@id":"https:\/\/www.lamarcadeodin.com\/en\/tras-la-marcade-odin\/behind-the-mark-of-odin-01-the-art-of-kira-takeda\/#primaryimage"},"image":{"@id":"https:\/\/www.lamarcadeodin.com\/en\/tras-la-marcade-odin\/behind-the-mark-of-odin-01-the-art-of-kira-takeda\/#primaryimage"},"thumbnailUrl":"https:\/\/www.lamarcadeodin.com\/wp-content\/uploads\/kira-takeda-volumen-0.png","datePublished":"2012-08-03T10:23:13+00:00","dateModified":"2024-04-30T03:43:14+00:00","description":"Behind the Mark of Odin #01: The Art of Kira Takeda making of artcile for Mark of Odin saga.","breadcrumb":{"@id":"https:\/\/www.lamarcadeodin.com\/en\/tras-la-marcade-odin\/behind-the-mark-of-odin-01-the-art-of-kira-takeda\/#breadcrumb"},"inLanguage":"en-US","potentialAction":[{"@type":"ReadAction","target":["https:\/\/www.lamarcadeodin.com\/en\/tras-la-marcade-odin\/behind-the-mark-of-odin-01-the-art-of-kira-takeda\/"]}]},{"@type":"ImageObject","inLanguage":"en-US","@id":"https:\/\/www.lamarcadeodin.com\/en\/tras-la-marcade-odin\/behind-the-mark-of-odin-01-the-art-of-kira-takeda\/#primaryimage","url":"https:\/\/www.lamarcadeodin.com\/wp-content\/uploads\/kira-takeda-volumen-0.png","contentUrl":"https:\/\/www.lamarcadeodin.com\/wp-content\/uploads\/kira-takeda-volumen-0.png","width":478,"height":486},{"@type":"BreadcrumbList","@id":"https:\/\/www.lamarcadeodin.com\/en\/tras-la-marcade-odin\/behind-the-mark-of-odin-01-the-art-of-kira-takeda\/#breadcrumb","itemListElement":[{"@type":"ListItem","position":1,"name":"Portada","item":"https:\/\/www.lamarcadeodin.com\/en\/"},{"@type":"ListItem","position":2,"name":"Behind the Mark of Odin #01: The Art of Kira Takeda"}]},{"@type":"WebSite","@id":"https:\/\/www.lamarcadeodin.com\/#website","url":"https:\/\/www.lamarcadeodin.com\/","name":"La Marca de Od\u00edn","description":"La saga literaria transmedia que fusiona actualidad con mitolog\u00eda n\u00f3rdica y ciencia ficci\u00f3n","publisher":{"@id":"https:\/\/www.lamarcadeodin.com\/#organization"},"potentialAction":[{"@type":"SearchAction","target":{"@type":"EntryPoint","urlTemplate":"https:\/\/www.lamarcadeodin.com\/?s={search_term_string}"},"query-input":{"@type":"PropertyValueSpecification","valueRequired":true,"valueName":"search_term_string"}}],"inLanguage":"en-US"},{"@type":"Organization","@id":"https:\/\/www.lamarcadeodin.com\/#organization","name":"La Marca de Od\u00edn","url":"https:\/\/www.lamarcadeodin.com\/","logo":{"@type":"ImageObject","inLanguage":"en-US","@id":"https:\/\/www.lamarcadeodin.com\/#\/schema\/logo\/image\/","url":"https:\/\/www.lamarcadeodin.com\/wp-content\/uploads\/cropped-logolamarcadeodinconruna400x120.jpg","contentUrl":"https:\/\/www.lamarcadeodin.com\/wp-content\/uploads\/cropped-logolamarcadeodinconruna400x120.jpg","width":400,"height":120,"caption":"La Marca de Od\u00edn"},"image":{"@id":"https:\/\/www.lamarcadeodin.com\/#\/schema\/logo\/image\/"},"sameAs":["https:\/\/www.facebook.com\/xaviverso\/","https:\/\/x.com\/ElXaviVerso","https:\/\/t.me\/xaviverso","https:\/\/www.instagram.com\/elxaviverso\/","https:\/\/whatsapp.com\/channel\/0029Va94LUA05MUfj4FmYU29","https:\/\/www.youtube.com\/@XaviVerso","https:\/\/www.tiktok.com\/@xaviverso","https:\/\/www.twitch.tv\/xaviverso"]}]}},"_links":{"self":[{"href":"https:\/\/www.lamarcadeodin.com\/en\/wp-json\/wp\/v2\/tras-la-marcade-odin\/8780","targetHints":{"allow":["GET"]}}],"collection":[{"href":"https:\/\/www.lamarcadeodin.com\/en\/wp-json\/wp\/v2\/tras-la-marcade-odin"}],"about":[{"href":"https:\/\/www.lamarcadeodin.com\/en\/wp-json\/wp\/v2\/types\/tras-la-marcade-odin"}],"wp:featuredmedia":[{"embeddable":true,"href":"https:\/\/www.lamarcadeodin.com\/en\/wp-json\/wp\/v2\/media\/4890"}],"wp:attachment":[{"href":"https:\/\/www.lamarcadeodin.com\/en\/wp-json\/wp\/v2\/media?parent=8780"}],"wp:term":[{"taxonomy":"categoria-de-noticia","embeddable":true,"href":"https:\/\/www.lamarcadeodin.com\/en\/wp-json\/wp\/v2\/categoria-de-noticia?post=8780"}],"curies":[{"name":"wp","href":"https:\/\/api.w.org\/{rel}","templated":true}]}}